{"id":8562,"date":"2025-05-10T11:32:09","date_gmt":"2025-05-10T09:32:09","guid":{"rendered":"https:\/\/hunziker.aronet.ch\/home\/"},"modified":"2026-02-12T22:16:19","modified_gmt":"2026-02-12T21:16:19","slug":"home","status":"publish","type":"page","link":"https:\/\/hunziker.ag\/fr\/","title":{"rendered":"Hunziker AG &#8211; Constructions mobiles &amp; solutions \u00e9v\u00e9nementielles Suisse"},"content":{"rendered":"\t\t<div data-elementor-type=\"wp-page\" data-elementor-id=\"8562\" class=\"elementor elementor-8562 elementor-5\" data-elementor-post-type=\"page\">\n\t\t\t\t\t\t<section class=\"elementor-section elementor-top-section elementor-element elementor-element-52b84b1f elementor-section-full_width elementor-section-height-min-height hero-slider elementor-section-height-default elementor-section-items-middle\" data-id=\"52b84b1f\" data-element_type=\"section\" data-settings=\"{&quot;background_background&quot;:&quot;slideshow&quot;,&quot;background_slideshow_gallery&quot;:[{&quot;id&quot;:10618,&quot;url&quot;:&quot;https:\\\/\\\/hunziker.ag\\\/wp-content\\\/uploads\\\/2026\\\/01\\\/cham-gv-raiffeisenbank-festzelte-hunziker-see-oben.webp&quot;},{&quot;id&quot;:10687,&quot;url&quot;:&quot;https:\\\/\\\/hunziker.ag\\\/wp-content\\\/uploads\\\/2026\\\/01\\\/sunsetevents-festival-kestenholz-publikum-tribuene-konzert.webp&quot;},{&quot;id&quot;:10581,&quot;url&quot;:&quot;https:\\\/\\\/hunziker.ag\\\/wp-content\\\/uploads\\\/2026\\\/01\\\/rikon-kantonales-turnfest-festzelte.webp&quot;},{&quot;id&quot;:10688,&quot;url&quot;:&quot;https:\\\/\\\/hunziker.ag\\\/wp-content\\\/uploads\\\/2026\\\/01\\\/zug-eidg-jodlerfest-festzelt-festbankgarnituren.webp&quot;},{&quot;id&quot;:10689,&quot;url&quot;:&quot;https:\\\/\\\/hunziker.ag\\\/wp-content\\\/uploads\\\/2026\\\/01\\\/cham-gv-raiffeisenbank-festzelte-eventmobiliar-hunziker-see-oben.webp&quot;},{&quot;id&quot;:10690,&quot;url&quot;:&quot;https:\\\/\\\/hunziker.ag\\\/wp-content\\\/uploads\\\/2026\\\/01\\\/bern-bea-festzelt-festbankgarnituren-reitshow.webp&quot;},{&quot;id&quot;:10691,&quot;url&quot;:&quot;https:\\\/\\\/hunziker.ag\\\/wp-content\\\/uploads\\\/2026\\\/01\\\/pratteln_eidgenoessisches-schwing-aelplerfest-geschmuecktes-belebtes-festzelt.webp&quot;}],&quot;background_slideshow_loop&quot;:&quot;yes&quot;,&quot;background_slideshow_slide_duration&quot;:5000,&quot;background_slideshow_slide_transition&quot;:&quot;fade&quot;,&quot;background_slideshow_transition_duration&quot;:500}\" fetchpriority=\"high\">\n\t\t\t\t\t\t\t<div class=\"elementor-background-overlay\"><\/div>\n\t\t\t\t\t\t\t<div class=\"elementor-container elementor-column-gap-no\">\n\t\t\t\t\t<div class=\"elementor-column elementor-col-100 elementor-top-column elementor-element elementor-element-27b6c3b5\" data-id=\"27b6c3b5\" data-element_type=\"column\">\n\t\t\t<div class=\"elementor-widget-wrap elementor-element-populated\">\n\t\t\t\t\t\t<div class=\"elementor-element elementor-element-207bf564 elementor-align-center elementor-widget__width-auto elementor-fixed elementor-widget-tablet__width-initial elementor-hidden-mobile elementor-icon-list--layout-traditional elementor-list-item-link-full_width elementor-invisible elementor-widget elementor-widget-icon-list\" data-id=\"207bf564\" data-element_type=\"widget\" data-settings=\"{&quot;_position&quot;:&quot;fixed&quot;,&quot;_animation&quot;:&quot;slideInRight&quot;}\" data-widget_type=\"icon-list.default\">\n\t\t\t\t<div class=\"elementor-widget-container\">\n\t\t\t\t\t\t\t<ul class=\"elementor-icon-list-items\">\n\t\t\t\t\t\t\t<li class=\"elementor-icon-list-item\">\n\t\t\t\t\t\t\t\t\t\t\t<a href=\"#\">\n\n\t\t\t\t\t\t\t\t\t\t\t\t<span class=\"elementor-icon-list-icon\">\n\t\t\t\t\t\t\t<i aria-hidden=\"true\" class=\"fas fa-chevron-up\"><\/i>\t\t\t\t\t\t<\/span>\n\t\t\t\t\t\t\t\t\t\t<span class=\"elementor-icon-list-text\"><\/span>\n\t\t\t\t\t\t\t\t\t\t\t<\/a>\n\t\t\t\t\t\t\t\t\t<\/li>\n\t\t\t\t\t\t<\/ul>\n\t\t\t\t\t\t<\/div>\n\t\t\t\t<\/div>\n\t\t\t\t<section class=\"elementor-section elementor-inner-section elementor-element elementor-element-800811e elementor-section-boxed elementor-section-height-default elementor-section-height-default\" data-id=\"800811e\" data-element_type=\"section\">\n\t\t\t\t\t\t<div class=\"elementor-container elementor-column-gap-default\">\n\t\t\t\t\t<div class=\"elementor-column elementor-col-50 elementor-inner-column elementor-element elementor-element-97afa0d\" data-id=\"97afa0d\" data-element_type=\"column\">\n\t\t\t<div class=\"elementor-widget-wrap elementor-element-populated\">\n\t\t\t\t\t\t<div class=\"elementor-element elementor-element-c01219c elementor-widget elementor-widget-heading\" data-id=\"c01219c\" data-element_type=\"widget\" data-widget_type=\"heading.default\">\n\t\t\t\t<div class=\"elementor-widget-container\">\n\t\t\t\t\t<h2 class=\"elementor-heading-title elementor-size-default\">EN D\u00c9PLACEMENT EN SUISSE<\/h2>\t\t\t\t<\/div>\n\t\t\t\t<\/div>\n\t\t\t\t\t<\/div>\n\t\t<\/div>\n\t\t\t\t<div class=\"elementor-column elementor-col-50 elementor-inner-column elementor-element elementor-element-dcf6815\" data-id=\"dcf6815\" data-element_type=\"column\">\n\t\t\t<div class=\"elementor-widget-wrap\">\n\t\t\t\t\t\t\t<\/div>\n\t\t<\/div>\n\t\t\t\t\t<\/div>\n\t\t<\/section>\n\t\t\t\t<section class=\"elementor-section elementor-inner-section elementor-element elementor-element-224b974 elementor-section-height-min-height elementor-section-boxed elementor-section-height-default\" data-id=\"224b974\" data-element_type=\"section\">\n\t\t\t\t\t\t<div class=\"elementor-container elementor-column-gap-default\">\n\t\t\t\t\t<div class=\"elementor-column elementor-col-50 elementor-inner-column elementor-element elementor-element-305932d elementor-invisible\" data-id=\"305932d\" data-element_type=\"column\" data-settings=\"{&quot;background_background&quot;:&quot;classic&quot;,&quot;animation&quot;:&quot;slideInLeft&quot;}\">\n\t\t\t<div class=\"elementor-widget-wrap elementor-element-populated\">\n\t\t\t\t\t\t<div class=\"elementor-element elementor-element-7d5353e elementor-widget elementor-widget-heading\" data-id=\"7d5353e\" data-element_type=\"widget\" data-widget_type=\"heading.default\">\n\t\t\t\t<div class=\"elementor-widget-container\">\n\t\t\t\t\t<h2 class=\"elementor-heading-title elementor-size-default\">ACTUALIT\u00c9S<\/h2>\t\t\t\t<\/div>\n\t\t\t\t<\/div>\n\t\t\t\t\t<\/div>\n\t\t<\/div>\n\t\t\t\t<div class=\"elementor-column elementor-col-50 elementor-inner-column elementor-element elementor-element-a5367ac\" data-id=\"a5367ac\" data-element_type=\"column\">\n\t\t\t<div class=\"elementor-widget-wrap\">\n\t\t\t\t\t\t\t<\/div>\n\t\t<\/div>\n\t\t\t\t\t<\/div>\n\t\t<\/section>\n\t\t\t\t<div class=\"elementor-element elementor-element-2b108ed elementor-align-left elementor-widget__width-auto elementor-fixed elementor-widget-tablet__width-initial elementor-hidden-mobile elementor-icon-list--layout-inline e-transform elementor-list-item-link-full_width elementor-invisible elementor-widget elementor-widget-icon-list\" data-id=\"2b108ed\" data-element_type=\"widget\" data-settings=\"{&quot;_position&quot;:&quot;fixed&quot;,&quot;_animation&quot;:&quot;slideInRight&quot;,&quot;_transform_rotateZ_effect&quot;:{&quot;unit&quot;:&quot;px&quot;,&quot;size&quot;:&quot;90&quot;,&quot;sizes&quot;:[]},&quot;_transform_rotateZ_effect_tablet&quot;:{&quot;unit&quot;:&quot;deg&quot;,&quot;size&quot;:&quot;&quot;,&quot;sizes&quot;:[]},&quot;_transform_rotateZ_effect_mobile&quot;:{&quot;unit&quot;:&quot;deg&quot;,&quot;size&quot;:&quot;&quot;,&quot;sizes&quot;:[]}}\" data-widget_type=\"icon-list.default\">\n\t\t\t\t<div class=\"elementor-widget-container\">\n\t\t\t\t\t\t\t<ul class=\"elementor-icon-list-items elementor-inline-items\">\n\t\t\t\t\t\t\t<li class=\"elementor-icon-list-item elementor-inline-item\">\n\t\t\t\t\t\t\t\t\t\t\t<a href=\"mailto:info@hunziker.ag\" target=\"_blank\">\n\n\t\t\t\t\t\t\t\t\t\t\t\t<span class=\"elementor-icon-list-icon\">\n\t\t\t\t\t\t\t<i aria-hidden=\"true\" class=\"far fa-envelope\"><\/i>\t\t\t\t\t\t<\/span>\n\t\t\t\t\t\t\t\t\t\t<span class=\"elementor-icon-list-text\">Contact<\/span>\n\t\t\t\t\t\t\t\t\t\t\t<\/a>\n\t\t\t\t\t\t\t\t\t<\/li>\n\t\t\t\t\t\t<\/ul>\n\t\t\t\t\t\t<\/div>\n\t\t\t\t<\/div>\n\t\t\t\t\t<\/div>\n\t\t<\/div>\n\t\t\t\t\t<\/div>\n\t\t<\/section>\n\t\t\t\t<section class=\"elementor-section elementor-top-section elementor-element elementor-element-3b1b90e1 elementor-section-boxed elementor-section-height-default elementor-section-height-default\" data-id=\"3b1b90e1\" data-element_type=\"section\">\n\t\t\t\t\t\t\t<div class=\"elementor-background-overlay\"><\/div>\n\t\t\t\t\t\t\t<div class=\"elementor-container elementor-column-gap-default\">\n\t\t\t\t\t<div class=\"elementor-column elementor-col-100 elementor-top-column elementor-element elementor-element-6f0aa446\" data-id=\"6f0aa446\" data-element_type=\"column\">\n\t\t\t<div class=\"elementor-widget-wrap elementor-element-populated\">\n\t\t\t\t\t\t<div class=\"elementor-element elementor-element-16b31777 elementor-widget elementor-widget-heading\" data-id=\"16b31777\" data-element_type=\"widget\" data-widget_type=\"heading.default\">\n\t\t\t\t<div class=\"elementor-widget-container\">\n\t\t\t\t\t<h1 class=\"elementor-heading-title elementor-size-default\">Bienvenue chez Hunziker<\/h1>\t\t\t\t<\/div>\n\t\t\t\t<\/div>\n\t\t\t\t<div class=\"elementor-element elementor-element-2925f26 elementor-widget elementor-widget-image\" data-id=\"2925f26\" data-element_type=\"widget\" data-widget_type=\"image.default\">\n\t\t\t\t<div class=\"elementor-widget-container\">\n\t\t\t\t\t\t\t\t\t\t\t\t\t\t\t<img decoding=\"async\" src=\"https:\/\/hunziker.ag\/wp-content\/uploads\/sites\/20\/2023\/01\/Hunziker_Dach_02.png\" title=\"\" alt=\"\" loading=\"lazy\" \/>\t\t\t\t\t\t\t\t\t\t\t\t\t\t\t<\/div>\n\t\t\t\t<\/div>\n\t\t\t\t<div class=\"elementor-element elementor-element-33a620c elementor-invisible elementor-widget elementor-widget-text-editor\" data-id=\"33a620c\" data-element_type=\"widget\" data-settings=\"{&quot;_animation&quot;:&quot;fadeIn&quot;}\" data-widget_type=\"text-editor.default\">\n\t\t\t\t<div class=\"elementor-widget-container\">\n\t\t\t\t\t\t\t\t\t<p>Hunziker SA est le pionnier suisse des constructions temporaires. Nous planifions et r\u00e9alisons des solutions mobiles avec pr\u00e9cision, s\u00e9curit\u00e9 et durabilit\u00e9 pour des \u00e9v\u00e9nements culturels, sportifs, d&rsquo;entreprise et priv\u00e9s, du fondement jusqu&rsquo;au sommet de la tente.<\/p>\t\t\t\t\t\t\t\t<\/div>\n\t\t\t\t<\/div>\n\t\t\t\t<section class=\"elementor-section elementor-inner-section elementor-element elementor-element-1711b67 elementor-section-boxed elementor-section-height-default elementor-section-height-default\" data-id=\"1711b67\" data-element_type=\"section\">\n\t\t\t\t\t\t<div class=\"elementor-container elementor-column-gap-default\">\n\t\t\t\t\t<div class=\"elementor-column elementor-col-50 elementor-inner-column elementor-element elementor-element-0b64233\" data-id=\"0b64233\" data-element_type=\"column\" data-settings=\"{&quot;background_background&quot;:&quot;classic&quot;}\">\n\t\t\t<div class=\"elementor-widget-wrap elementor-element-populated\">\n\t\t\t\t\t\t<div class=\"elementor-element elementor-element-de834eb elementor-widget elementor-widget-heading\" data-id=\"de834eb\" data-element_type=\"widget\" data-widget_type=\"heading.default\">\n\t\t\t\t<div class=\"elementor-widget-container\">\n\t\t\t\t\t<h3 class=\"elementor-heading-title elementor-size-default\"><a href=\"https:\/\/www.hunzikerzelte.ch\/projektanfrage\/\">Je souhaite obtenir des conseils pour un \u00e9v\u00e9nement<\/a><\/h3>\t\t\t\t<\/div>\n\t\t\t\t<\/div>\n\t\t\t\t<div class=\"elementor-element elementor-element-6d6fe38 elementor-view-default elementor-position-top elementor-mobile-position-top elementor-widget elementor-widget-icon-box\" data-id=\"6d6fe38\" data-element_type=\"widget\" data-widget_type=\"icon-box.default\">\n\t\t\t\t<div class=\"elementor-widget-container\">\n\t\t\t\t\t\t\t<div class=\"elementor-icon-box-wrapper\">\n\n\t\t\t\t\t\t<div class=\"elementor-icon-box-icon\">\n\t\t\t\t<a href=\"https:\/\/www.hunzikerzelte.ch\/projektanfrage\/\" class=\"elementor-icon\" tabindex=\"-1\">\n\t\t\t\t<i aria-hidden=\"true\" class=\"fas fa-arrow-right\"><\/i>\t\t\t\t<\/a>\n\t\t\t<\/div>\n\t\t\t\n\t\t\t\n\t\t<\/div>\n\t\t\t\t\t\t<\/div>\n\t\t\t\t<\/div>\n\t\t\t\t\t<\/div>\n\t\t<\/div>\n\t\t\t\t<div class=\"elementor-column elementor-col-50 elementor-inner-column elementor-element elementor-element-4366d50\" data-id=\"4366d50\" data-element_type=\"column\" data-settings=\"{&quot;background_background&quot;:&quot;classic&quot;}\">\n\t\t\t<div class=\"elementor-widget-wrap elementor-element-populated\">\n\t\t\t\t\t\t<div class=\"elementor-element elementor-element-adf042f elementor-widget elementor-widget-heading\" data-id=\"adf042f\" data-element_type=\"widget\" data-widget_type=\"heading.default\">\n\t\t\t\t<div class=\"elementor-widget-container\">\n\t\t\t\t\t<h3 class=\"elementor-heading-title elementor-size-default\"><a href=\"https:\/\/www.hunzikerzelte.ch\/\">Je souhaite acc\u00e9der \u00e0 l'assortiment<\/a><\/h3>\t\t\t\t<\/div>\n\t\t\t\t<\/div>\n\t\t\t\t<div class=\"elementor-element elementor-element-580e5f4 elementor-view-default elementor-position-top elementor-mobile-position-top elementor-widget elementor-widget-icon-box\" data-id=\"580e5f4\" data-element_type=\"widget\" data-widget_type=\"icon-box.default\">\n\t\t\t\t<div class=\"elementor-widget-container\">\n\t\t\t\t\t\t\t<div class=\"elementor-icon-box-wrapper\">\n\n\t\t\t\t\t\t<div class=\"elementor-icon-box-icon\">\n\t\t\t\t<a href=\"https:\/\/www.hunzikerzelte.ch\/\" class=\"elementor-icon\" tabindex=\"-1\">\n\t\t\t\t<i aria-hidden=\"true\" class=\"fas fa-arrow-right\"><\/i>\t\t\t\t<\/a>\n\t\t\t<\/div>\n\t\t\t\n\t\t\t\n\t\t<\/div>\n\t\t\t\t\t\t<\/div>\n\t\t\t\t<\/div>\n\t\t\t\t\t<\/div>\n\t\t<\/div>\n\t\t\t\t\t<\/div>\n\t\t<\/section>\n\t\t\t\t\t<\/div>\n\t\t<\/div>\n\t\t\t\t\t<\/div>\n\t\t<\/section>\n\t\t\t\t<section class=\"elementor-section elementor-top-section elementor-element elementor-element-349e690 elementor-section-height-min-height elementor-section-boxed elementor-section-height-default elementor-section-items-middle\" data-id=\"349e690\" data-element_type=\"section\" data-settings=\"{&quot;background_background&quot;:&quot;classic&quot;}\">\n\t\t\t\t\t\t\t<div class=\"elementor-background-overlay\"><\/div>\n\t\t\t\t\t\t\t<div class=\"elementor-container elementor-column-gap-default\">\n\t\t\t\t\t<div class=\"elementor-column elementor-col-100 elementor-top-column elementor-element elementor-element-1c6d76c\" data-id=\"1c6d76c\" data-element_type=\"column\">\n\t\t\t<div class=\"elementor-widget-wrap elementor-element-populated\">\n\t\t\t\t\t\t<div class=\"elementor-element elementor-element-b6b2b36 elementor-widget elementor-widget-menu-anchor\" data-id=\"b6b2b36\" data-element_type=\"widget\" data-widget_type=\"menu-anchor.default\">\n\t\t\t\t<div class=\"elementor-widget-container\">\n\t\t\t\t\t\t\t<div class=\"elementor-menu-anchor\" id=\"ACTUALITS\"><\/div>\n\t\t\t\t\t\t<\/div>\n\t\t\t\t<\/div>\n\t\t\t\t<section class=\"elementor-section elementor-inner-section elementor-element elementor-element-a70c811 elementor-section-boxed elementor-section-height-default elementor-section-height-default\" data-id=\"a70c811\" data-element_type=\"section\" data-settings=\"{&quot;background_background&quot;:&quot;classic&quot;}\">\n\t\t\t\t\t\t\t<div class=\"elementor-background-overlay\"><\/div>\n\t\t\t\t\t\t\t<div class=\"elementor-container elementor-column-gap-default\">\n\t\t\t\t\t<div class=\"elementor-column elementor-col-100 elementor-inner-column elementor-element elementor-element-219a113\" data-id=\"219a113\" data-element_type=\"column\" data-settings=\"{&quot;background_background&quot;:&quot;classic&quot;}\">\n\t\t\t<div class=\"elementor-widget-wrap elementor-element-populated\">\n\t\t\t\t\t\t<div class=\"elementor-element elementor-element-073370d elementor-widget elementor-widget-heading\" data-id=\"073370d\" data-element_type=\"widget\" data-widget_type=\"heading.default\">\n\t\t\t\t<div class=\"elementor-widget-container\">\n\t\t\t\t\t<h3 class=\"elementor-heading-title elementor-size-default\">ACTUALIT\u00c9S<\/h3>\t\t\t\t<\/div>\n\t\t\t\t<\/div>\n\t\t\t\t<div class=\"elementor-element elementor-element-fbf8fff elementor-grid-1 elementor-posts--align-center elementor-grid-tablet-1 elementor-posts--thumbnail-right elementor-hidden-tablet elementor-grid-mobile-1 elementor-invisible elementor-widget elementor-widget-posts\" data-id=\"fbf8fff\" data-element_type=\"widget\" data-settings=\"{&quot;classic_columns&quot;:&quot;1&quot;,&quot;classic_row_gap&quot;:{&quot;unit&quot;:&quot;px&quot;,&quot;size&quot;:&quot;40&quot;,&quot;sizes&quot;:[]},&quot;classic_columns_tablet&quot;:&quot;1&quot;,&quot;classic_row_gap_mobile&quot;:{&quot;unit&quot;:&quot;px&quot;,&quot;size&quot;:&quot;30&quot;,&quot;sizes&quot;:[]},&quot;classic_row_gap_tablet&quot;:{&quot;unit&quot;:&quot;px&quot;,&quot;size&quot;:&quot;56&quot;,&quot;sizes&quot;:[]},&quot;_animation&quot;:&quot;fadeIn&quot;,&quot;_animation_mobile&quot;:&quot;fadeIn&quot;,&quot;classic_columns_mobile&quot;:&quot;1&quot;}\" loading=\"lazy\" data-widget_type=\"posts.classic\">\n\t\t\t\t<div class=\"elementor-widget-container\">\n\t\t\t\t\t\t\t<div class=\"elementor-posts-container elementor-posts elementor-posts--skin-classic elementor-grid\" role=\"list\">\n\t\t\t\t<article class=\"elementor-post elementor-grid-item post-10793 post type-post status-publish format-standard has-post-thumbnail hentry category-messen category-news\" role=\"listitem\">\n\t\t\t\t<a class=\"elementor-post__thumbnail__link\" href=\"https:\/\/hunziker.ag\/fr\/2026\/04\/27\/hunziker-ag-co-sponsor-der-iheimisch-2026-in-buochs\/\" tabindex=\"-1\" >\n\t\t\t<div class=\"elementor-post__thumbnail\"><img fetchpriority=\"high\" decoding=\"async\" width=\"600\" height=\"400\" src=\"https:\/\/hunziker.ag\/wp-content\/uploads\/2026\/04\/sponsoring-iheimisch-2026-quer-600x400.jpg\" class=\"attachment-reference-thumbnail size-reference-thumbnail wp-image-10796\" alt=\"\" srcset=\"https:\/\/hunziker.ag\/wp-content\/uploads\/2026\/04\/sponsoring-iheimisch-2026-quer-600x400.jpg 600w, https:\/\/hunziker.ag\/wp-content\/uploads\/2026\/04\/sponsoring-iheimisch-2026-quer-300x200.jpg 300w, https:\/\/hunziker.ag\/wp-content\/uploads\/2026\/04\/sponsoring-iheimisch-2026-quer-1024x683.jpg 1024w, https:\/\/hunziker.ag\/wp-content\/uploads\/2026\/04\/sponsoring-iheimisch-2026-quer-768x512.jpg 768w, https:\/\/hunziker.ag\/wp-content\/uploads\/2026\/04\/sponsoring-iheimisch-2026-quer.jpg 1080w\" sizes=\"(max-width: 600px) 100vw, 600px\" \/><\/div>\n\t\t<\/a>\n\t\t\t\t<div class=\"elementor-post__text\">\n\t\t\t\t<h3 class=\"elementor-post__title\">\n\t\t\t<a href=\"https:\/\/hunziker.ag\/fr\/2026\/04\/27\/hunziker-ag-co-sponsor-der-iheimisch-2026-in-buochs\/\" >\n\t\t\t\tHunziker AG \u2013 Co-Sponsor der Iheimisch 2026 in Buochs\t\t\t<\/a>\n\t\t<\/h3>\n\t\t\t\t<div class=\"elementor-post__meta-data\">\n\t\t\t\t\t<span class=\"elementor-post-date\">\n\t\t\t27. avril 2026\t\t<\/span>\n\t\t\t\t<\/div>\n\t\t\t\t<div class=\"elementor-post__excerpt\">\n\t\t\t<p>Grosse Anl\u00e4sse brauchen grosse Zelte \u2013 und zuverl\u00e4ssige Partner. Die Hunziker AG freut sich, die Iheimisch 2026 in Buochs als Co-Sponsor zu unterst\u00fctzen und beim Aufbau der tempor\u00e4ren Infrastruktur mit anzupacken.<\/p>\n\t\t<\/div>\n\t\t\n\t\t<a class=\"elementor-post__read-more\" href=\"https:\/\/hunziker.ag\/fr\/2026\/04\/27\/hunziker-ag-co-sponsor-der-iheimisch-2026-in-buochs\/\" aria-label=\"En savoir plus sur Hunziker AG \u2013 Co-Sponsor der Iheimisch 2026 in Buochs\" tabindex=\"-1\" >\n\t\t\tPlus \u00bb\t\t<\/a>\n\n\t\t\t\t<\/div>\n\t\t\t\t<\/article>\n\t\t\t\t<article class=\"elementor-post elementor-grid-item post-10767 post type-post status-publish format-standard has-post-thumbnail hentry category-actualites\" role=\"listitem\">\n\t\t\t\t<a class=\"elementor-post__thumbnail__link\" href=\"https:\/\/hunziker.ag\/fr\/2026\/02\/13\/une-annee-couronnee-de-succes-celebree-comme-il-se-doit-les-collaborateurs-en-point-de-mire\/\" tabindex=\"-1\" >\n\t\t\t<div class=\"elementor-post__thumbnail\"><img decoding=\"async\" width=\"600\" height=\"400\" src=\"https:\/\/hunziker.ag\/wp-content\/uploads\/2026\/02\/06022026_jahresabschlussessen-IMG_1993-600x400.webp\" class=\"attachment-reference-thumbnail size-reference-thumbnail wp-image-10756\" alt=\"\" \/><\/div>\n\t\t<\/a>\n\t\t\t\t<div class=\"elementor-post__text\">\n\t\t\t\t<h3 class=\"elementor-post__title\">\n\t\t\t<a href=\"https:\/\/hunziker.ag\/fr\/2026\/02\/13\/une-annee-couronnee-de-succes-celebree-comme-il-se-doit-les-collaborateurs-en-point-de-mire\/\" >\n\t\t\t\tUne ann\u00e9e couronn\u00e9e de succ\u00e8s c\u00e9l\u00e9br\u00e9e comme il se doit &#8211; les collaborateurs en point de mire\t\t\t<\/a>\n\t\t<\/h3>\n\t\t\t\t<div class=\"elementor-post__meta-data\">\n\t\t\t\t\t<span class=\"elementor-post-date\">\n\t\t\t13. f\u00e9vrier 2026\t\t<\/span>\n\t\t\t\t<\/div>\n\t\t\t\t<div class=\"elementor-post__excerpt\">\n\t\t\t<p>Le vendredi 6 f\u00e9vrier 2026, Hunziker SA a invit\u00e9 ses collaborateurs au traditionnel repas de fin d&rsquo;ann\u00e9e au Schlosssch\u00fcr de Willisau. Autour d&rsquo;un excellent menu pr\u00e9par\u00e9 par notre partenaire de longue date GALFRI, nous avons fait la r\u00e9trospective d&rsquo;un exercice riche en \u00e9v\u00e9nements et en succ\u00e8s. <\/p>\n\t\t<\/div>\n\t\t\n\t\t<a class=\"elementor-post__read-more\" href=\"https:\/\/hunziker.ag\/fr\/2026\/02\/13\/une-annee-couronnee-de-succes-celebree-comme-il-se-doit-les-collaborateurs-en-point-de-mire\/\" aria-label=\"En savoir plus sur Une ann\u00e9e couronn\u00e9e de succ\u00e8s c\u00e9l\u00e9br\u00e9e comme il se doit &#8211; les collaborateurs en point de mire\" tabindex=\"-1\" >\n\t\t\tPlus \u00bb\t\t<\/a>\n\n\t\t\t\t<\/div>\n\t\t\t\t<\/article>\n\t\t\t\t<article class=\"elementor-post elementor-grid-item post-10731 post type-post status-publish format-standard has-post-thumbnail hentry category-actualites\" role=\"listitem\">\n\t\t\t\t<a class=\"elementor-post__thumbnail__link\" href=\"https:\/\/hunziker.ag\/fr\/2026\/02\/02\/150-ans-de-fidelite-hunziker-sa-fete-ses-collaborateurs-de-longue-date-en-fevrier\/\" tabindex=\"-1\" >\n\t\t\t<div class=\"elementor-post__thumbnail\"><img decoding=\"async\" width=\"600\" height=\"400\" src=\"https:\/\/hunziker.ag\/wp-content\/uploads\/2026\/02\/02022026_jubilarendessert-IMG-00142-600x400.webp\" class=\"attachment-reference-thumbnail size-reference-thumbnail wp-image-10721\" alt=\"\" srcset=\"https:\/\/hunziker.ag\/wp-content\/uploads\/2026\/02\/02022026_jubilarendessert-IMG-00142-600x400.webp 600w, https:\/\/hunziker.ag\/wp-content\/uploads\/2026\/02\/02022026_jubilarendessert-IMG-00142-300x200.webp 300w, https:\/\/hunziker.ag\/wp-content\/uploads\/2026\/02\/02022026_jubilarendessert-IMG-00142-1024x682.webp 1024w, https:\/\/hunziker.ag\/wp-content\/uploads\/2026\/02\/02022026_jubilarendessert-IMG-00142-768x512.webp 768w, https:\/\/hunziker.ag\/wp-content\/uploads\/2026\/02\/02022026_jubilarendessert-IMG-00142-1536x1024.webp 1536w, https:\/\/hunziker.ag\/wp-content\/uploads\/2026\/02\/02022026_jubilarendessert-IMG-00142.webp 2000w\" sizes=\"(max-width: 600px) 100vw, 600px\" \/><\/div>\n\t\t<\/a>\n\t\t\t\t<div class=\"elementor-post__text\">\n\t\t\t\t<h3 class=\"elementor-post__title\">\n\t\t\t<a href=\"https:\/\/hunziker.ag\/fr\/2026\/02\/02\/150-ans-de-fidelite-hunziker-sa-fete-ses-collaborateurs-de-longue-date-en-fevrier\/\" >\n\t\t\t\t150 ans de fid\u00e9lit\u00e9 : Hunziker SA f\u00eate ses collaborateurs de longue date en f\u00e9vrier\t\t\t<\/a>\n\t\t<\/h3>\n\t\t\t\t<div class=\"elementor-post__meta-data\">\n\t\t\t\t\t<span class=\"elementor-post-date\">\n\t\t\t2. f\u00e9vrier 2026\t\t<\/span>\n\t\t\t\t<\/div>\n\t\t\t\t<div class=\"elementor-post__excerpt\">\n\t\t\t<p>En f\u00e9vrier, nous avons f\u00eat\u00e9 cinq collaborateurs de longue date, qui totalisent un nombre impressionnant de 150 ann\u00e9es de service. Cette fid\u00e9lit\u00e9 exceptionnelle et cet engagement de longue date sont les fondements de notre succ\u00e8s. <\/p>\n\t\t<\/div>\n\t\t\n\t\t<a class=\"elementor-post__read-more\" href=\"https:\/\/hunziker.ag\/fr\/2026\/02\/02\/150-ans-de-fidelite-hunziker-sa-fete-ses-collaborateurs-de-longue-date-en-fevrier\/\" aria-label=\"En savoir plus sur 150 ans de fid\u00e9lit\u00e9 : Hunziker SA f\u00eate ses collaborateurs de longue date en f\u00e9vrier\" tabindex=\"-1\" >\n\t\t\tPlus \u00bb\t\t<\/a>\n\n\t\t\t\t<\/div>\n\t\t\t\t<\/article>\n\t\t\t\t<article class=\"elementor-post elementor-grid-item post-10667 post type-post status-publish format-standard has-post-thumbnail hentry category-actualites category-business-societes\" role=\"listitem\">\n\t\t\t\t<a class=\"elementor-post__thumbnail__link\" href=\"https:\/\/hunziker.ag\/fr\/2026\/01\/20\/wef-a-davos-hunziker-ag-en-action-en-tant-que-membre-du-groupe-messerli\/\" tabindex=\"-1\" >\n\t\t\t<div class=\"elementor-post__thumbnail\"><img loading=\"lazy\" decoding=\"async\" width=\"600\" height=\"400\" src=\"https:\/\/hunziker.ag\/wp-content\/uploads\/2026\/01\/domzelt-wef-davos-hunziker.webp\" class=\"attachment-reference-thumbnail size-reference-thumbnail wp-image-10658\" alt=\"\" srcset=\"https:\/\/hunziker.ag\/wp-content\/uploads\/2026\/01\/domzelt-wef-davos-hunziker.webp 600w, https:\/\/hunziker.ag\/wp-content\/uploads\/2026\/01\/domzelt-wef-davos-hunziker-300x200.webp 300w\" sizes=\"(max-width: 600px) 100vw, 600px\" \/><\/div>\n\t\t<\/a>\n\t\t\t\t<div class=\"elementor-post__text\">\n\t\t\t\t<h3 class=\"elementor-post__title\">\n\t\t\t<a href=\"https:\/\/hunziker.ag\/fr\/2026\/01\/20\/wef-a-davos-hunziker-ag-en-action-en-tant-que-membre-du-groupe-messerli\/\" >\n\t\t\t\tWEF \u00e0 Davos : Hunziker AG en action en tant que membre du groupe Messerli\t\t\t<\/a>\n\t\t<\/h3>\n\t\t\t\t<div class=\"elementor-post__meta-data\">\n\t\t\t\t\t<span class=\"elementor-post-date\">\n\t\t\t20. janvier 2026\t\t<\/span>\n\t\t\t\t<\/div>\n\t\t\t\t<div class=\"elementor-post__excerpt\">\n\t\t\t<p>Pour le WEF, Hunziker AG a r\u00e9alis\u00e9 un grand nombre de constructions complexes : Cages d&rsquo;escalier, podiums, sc\u00e8nes, structures de tentes ainsi que la tente sp\u00e9ciale de la cath\u00e9drale &#8211; y compris la planification, le montage et le soutien logistique. Chaque \u00e9l\u00e9ment a \u00e9t\u00e9 adapt\u00e9 avec pr\u00e9cision aux exigences \u00e9lev\u00e9es de l&rsquo;\u00e9v\u00e9nement et a permis de garantir que toutes les zones soient fonctionnelles, s\u00fbres et repr\u00e9sentatives. <\/p>\n\t\t<\/div>\n\t\t\n\t\t<a class=\"elementor-post__read-more\" href=\"https:\/\/hunziker.ag\/fr\/2026\/01\/20\/wef-a-davos-hunziker-ag-en-action-en-tant-que-membre-du-groupe-messerli\/\" aria-label=\"En savoir plus sur WEF \u00e0 Davos : Hunziker AG en action en tant que membre du groupe Messerli\" tabindex=\"-1\" >\n\t\t\tPlus \u00bb\t\t<\/a>\n\n\t\t\t\t<\/div>\n\t\t\t\t<\/article>\n\t\t\t\t<\/div>\n\t\t\n\t\t\t\t\t\t<\/div>\n\t\t\t\t<\/div>\n\t\t\t\t<div class=\"elementor-element elementor-element-1204f1b elementor-grid-1 elementor-posts--align-center elementor-grid-tablet-1 elementor-hidden-desktop elementor-hidden-mobile elementor-grid-mobile-1 elementor-posts--thumbnail-top elementor-invisible elementor-widget elementor-widget-posts\" data-id=\"1204f1b\" data-element_type=\"widget\" data-settings=\"{&quot;classic_columns&quot;:&quot;1&quot;,&quot;classic_row_gap&quot;:{&quot;unit&quot;:&quot;px&quot;,&quot;size&quot;:&quot;40&quot;,&quot;sizes&quot;:[]},&quot;classic_columns_tablet&quot;:&quot;1&quot;,&quot;classic_row_gap_mobile&quot;:{&quot;unit&quot;:&quot;px&quot;,&quot;size&quot;:&quot;30&quot;,&quot;sizes&quot;:[]},&quot;classic_row_gap_tablet&quot;:{&quot;unit&quot;:&quot;px&quot;,&quot;size&quot;:&quot;40&quot;,&quot;sizes&quot;:[]},&quot;_animation&quot;:&quot;fadeIn&quot;,&quot;classic_columns_mobile&quot;:&quot;1&quot;}\" loading=\"lazy\" data-widget_type=\"posts.classic\">\n\t\t\t\t<div class=\"elementor-widget-container\">\n\t\t\t\t\t\t\t<div class=\"elementor-posts-container elementor-posts elementor-posts--skin-classic elementor-grid\" role=\"list\">\n\t\t\t\t<article class=\"elementor-post elementor-grid-item post-10793 post type-post status-publish format-standard has-post-thumbnail hentry category-messen category-news\" role=\"listitem\">\n\t\t\t\t<a class=\"elementor-post__thumbnail__link\" href=\"https:\/\/hunziker.ag\/fr\/2026\/04\/27\/hunziker-ag-co-sponsor-der-iheimisch-2026-in-buochs\/\" tabindex=\"-1\" >\n\t\t\t<div class=\"elementor-post__thumbnail\"><img fetchpriority=\"high\" decoding=\"async\" width=\"600\" height=\"400\" src=\"https:\/\/hunziker.ag\/wp-content\/uploads\/2026\/04\/sponsoring-iheimisch-2026-quer-600x400.jpg\" class=\"attachment-reference-thumbnail size-reference-thumbnail wp-image-10796\" alt=\"\" srcset=\"https:\/\/hunziker.ag\/wp-content\/uploads\/2026\/04\/sponsoring-iheimisch-2026-quer-600x400.jpg 600w, https:\/\/hunziker.ag\/wp-content\/uploads\/2026\/04\/sponsoring-iheimisch-2026-quer-300x200.jpg 300w, https:\/\/hunziker.ag\/wp-content\/uploads\/2026\/04\/sponsoring-iheimisch-2026-quer-1024x683.jpg 1024w, https:\/\/hunziker.ag\/wp-content\/uploads\/2026\/04\/sponsoring-iheimisch-2026-quer-768x512.jpg 768w, https:\/\/hunziker.ag\/wp-content\/uploads\/2026\/04\/sponsoring-iheimisch-2026-quer.jpg 1080w\" sizes=\"(max-width: 600px) 100vw, 600px\" \/><\/div>\n\t\t<\/a>\n\t\t\t\t<div class=\"elementor-post__text\">\n\t\t\t\t<h3 class=\"elementor-post__title\">\n\t\t\t<a href=\"https:\/\/hunziker.ag\/fr\/2026\/04\/27\/hunziker-ag-co-sponsor-der-iheimisch-2026-in-buochs\/\" >\n\t\t\t\tHunziker AG \u2013 Co-Sponsor der Iheimisch 2026 in Buochs\t\t\t<\/a>\n\t\t<\/h3>\n\t\t\t\t<div class=\"elementor-post__meta-data\">\n\t\t\t\t\t<span class=\"elementor-post-date\">\n\t\t\t27. avril 2026\t\t<\/span>\n\t\t\t\t<\/div>\n\t\t\t\t<div class=\"elementor-post__excerpt\">\n\t\t\t<p>Grosse Anl\u00e4sse brauchen grosse Zelte \u2013 und zuverl\u00e4ssige Partner. Die Hunziker AG freut sich, die Iheimisch 2026 in Buochs als Co-Sponsor zu unterst\u00fctzen und beim Aufbau der tempor\u00e4ren Infrastruktur mit anzupacken.<\/p>\n\t\t<\/div>\n\t\t\n\t\t<a class=\"elementor-post__read-more\" href=\"https:\/\/hunziker.ag\/fr\/2026\/04\/27\/hunziker-ag-co-sponsor-der-iheimisch-2026-in-buochs\/\" aria-label=\"En savoir plus sur Hunziker AG \u2013 Co-Sponsor der Iheimisch 2026 in Buochs\" tabindex=\"-1\" >\n\t\t\tPlus \u00bb\t\t<\/a>\n\n\t\t\t\t<\/div>\n\t\t\t\t<\/article>\n\t\t\t\t<article class=\"elementor-post elementor-grid-item post-10767 post type-post status-publish format-standard has-post-thumbnail hentry category-actualites\" role=\"listitem\">\n\t\t\t\t<a class=\"elementor-post__thumbnail__link\" href=\"https:\/\/hunziker.ag\/fr\/2026\/02\/13\/une-annee-couronnee-de-succes-celebree-comme-il-se-doit-les-collaborateurs-en-point-de-mire\/\" tabindex=\"-1\" >\n\t\t\t<div class=\"elementor-post__thumbnail\"><img decoding=\"async\" width=\"600\" height=\"400\" src=\"https:\/\/hunziker.ag\/wp-content\/uploads\/2026\/02\/06022026_jahresabschlussessen-IMG_1993-600x400.webp\" class=\"attachment-reference-thumbnail size-reference-thumbnail wp-image-10756\" alt=\"\" \/><\/div>\n\t\t<\/a>\n\t\t\t\t<div class=\"elementor-post__text\">\n\t\t\t\t<h3 class=\"elementor-post__title\">\n\t\t\t<a href=\"https:\/\/hunziker.ag\/fr\/2026\/02\/13\/une-annee-couronnee-de-succes-celebree-comme-il-se-doit-les-collaborateurs-en-point-de-mire\/\" >\n\t\t\t\tUne ann\u00e9e couronn\u00e9e de succ\u00e8s c\u00e9l\u00e9br\u00e9e comme il se doit &#8211; les collaborateurs en point de mire\t\t\t<\/a>\n\t\t<\/h3>\n\t\t\t\t<div class=\"elementor-post__meta-data\">\n\t\t\t\t\t<span class=\"elementor-post-date\">\n\t\t\t13. f\u00e9vrier 2026\t\t<\/span>\n\t\t\t\t<\/div>\n\t\t\t\t<div class=\"elementor-post__excerpt\">\n\t\t\t<p>Le vendredi 6 f\u00e9vrier 2026, Hunziker SA a invit\u00e9 ses collaborateurs au traditionnel repas de fin d&rsquo;ann\u00e9e au Schlosssch\u00fcr de Willisau. Autour d&rsquo;un excellent menu pr\u00e9par\u00e9 par notre partenaire de longue date GALFRI, nous avons fait la r\u00e9trospective d&rsquo;un exercice riche en \u00e9v\u00e9nements et en succ\u00e8s. <\/p>\n\t\t<\/div>\n\t\t\n\t\t<a class=\"elementor-post__read-more\" href=\"https:\/\/hunziker.ag\/fr\/2026\/02\/13\/une-annee-couronnee-de-succes-celebree-comme-il-se-doit-les-collaborateurs-en-point-de-mire\/\" aria-label=\"En savoir plus sur Une ann\u00e9e couronn\u00e9e de succ\u00e8s c\u00e9l\u00e9br\u00e9e comme il se doit &#8211; les collaborateurs en point de mire\" tabindex=\"-1\" >\n\t\t\tPlus \u00bb\t\t<\/a>\n\n\t\t\t\t<\/div>\n\t\t\t\t<\/article>\n\t\t\t\t<article class=\"elementor-post elementor-grid-item post-10731 post type-post status-publish format-standard has-post-thumbnail hentry category-actualites\" role=\"listitem\">\n\t\t\t\t<a class=\"elementor-post__thumbnail__link\" href=\"https:\/\/hunziker.ag\/fr\/2026\/02\/02\/150-ans-de-fidelite-hunziker-sa-fete-ses-collaborateurs-de-longue-date-en-fevrier\/\" tabindex=\"-1\" >\n\t\t\t<div class=\"elementor-post__thumbnail\"><img decoding=\"async\" width=\"600\" height=\"400\" src=\"https:\/\/hunziker.ag\/wp-content\/uploads\/2026\/02\/02022026_jubilarendessert-IMG-00142-600x400.webp\" class=\"attachment-reference-thumbnail size-reference-thumbnail wp-image-10721\" alt=\"\" srcset=\"https:\/\/hunziker.ag\/wp-content\/uploads\/2026\/02\/02022026_jubilarendessert-IMG-00142-600x400.webp 600w, https:\/\/hunziker.ag\/wp-content\/uploads\/2026\/02\/02022026_jubilarendessert-IMG-00142-300x200.webp 300w, https:\/\/hunziker.ag\/wp-content\/uploads\/2026\/02\/02022026_jubilarendessert-IMG-00142-1024x682.webp 1024w, https:\/\/hunziker.ag\/wp-content\/uploads\/2026\/02\/02022026_jubilarendessert-IMG-00142-768x512.webp 768w, https:\/\/hunziker.ag\/wp-content\/uploads\/2026\/02\/02022026_jubilarendessert-IMG-00142-1536x1024.webp 1536w, https:\/\/hunziker.ag\/wp-content\/uploads\/2026\/02\/02022026_jubilarendessert-IMG-00142.webp 2000w\" sizes=\"(max-width: 600px) 100vw, 600px\" \/><\/div>\n\t\t<\/a>\n\t\t\t\t<div class=\"elementor-post__text\">\n\t\t\t\t<h3 class=\"elementor-post__title\">\n\t\t\t<a href=\"https:\/\/hunziker.ag\/fr\/2026\/02\/02\/150-ans-de-fidelite-hunziker-sa-fete-ses-collaborateurs-de-longue-date-en-fevrier\/\" >\n\t\t\t\t150 ans de fid\u00e9lit\u00e9 : Hunziker SA f\u00eate ses collaborateurs de longue date en f\u00e9vrier\t\t\t<\/a>\n\t\t<\/h3>\n\t\t\t\t<div class=\"elementor-post__meta-data\">\n\t\t\t\t\t<span class=\"elementor-post-date\">\n\t\t\t2. f\u00e9vrier 2026\t\t<\/span>\n\t\t\t\t<\/div>\n\t\t\t\t<div class=\"elementor-post__excerpt\">\n\t\t\t<p>En f\u00e9vrier, nous avons f\u00eat\u00e9 cinq collaborateurs de longue date, qui totalisent un nombre impressionnant de 150 ann\u00e9es de service. Cette fid\u00e9lit\u00e9 exceptionnelle et cet engagement de longue date sont les fondements de notre succ\u00e8s. <\/p>\n\t\t<\/div>\n\t\t\n\t\t<a class=\"elementor-post__read-more\" href=\"https:\/\/hunziker.ag\/fr\/2026\/02\/02\/150-ans-de-fidelite-hunziker-sa-fete-ses-collaborateurs-de-longue-date-en-fevrier\/\" aria-label=\"En savoir plus sur 150 ans de fid\u00e9lit\u00e9 : Hunziker SA f\u00eate ses collaborateurs de longue date en f\u00e9vrier\" tabindex=\"-1\" >\n\t\t\tPlus \u00bb\t\t<\/a>\n\n\t\t\t\t<\/div>\n\t\t\t\t<\/article>\n\t\t\t\t<article class=\"elementor-post elementor-grid-item post-10667 post type-post status-publish format-standard has-post-thumbnail hentry category-actualites category-business-societes\" role=\"listitem\">\n\t\t\t\t<a class=\"elementor-post__thumbnail__link\" href=\"https:\/\/hunziker.ag\/fr\/2026\/01\/20\/wef-a-davos-hunziker-ag-en-action-en-tant-que-membre-du-groupe-messerli\/\" tabindex=\"-1\" >\n\t\t\t<div class=\"elementor-post__thumbnail\"><img loading=\"lazy\" decoding=\"async\" width=\"600\" height=\"400\" src=\"https:\/\/hunziker.ag\/wp-content\/uploads\/2026\/01\/domzelt-wef-davos-hunziker.webp\" class=\"attachment-reference-thumbnail size-reference-thumbnail wp-image-10658\" alt=\"\" srcset=\"https:\/\/hunziker.ag\/wp-content\/uploads\/2026\/01\/domzelt-wef-davos-hunziker.webp 600w, https:\/\/hunziker.ag\/wp-content\/uploads\/2026\/01\/domzelt-wef-davos-hunziker-300x200.webp 300w\" sizes=\"(max-width: 600px) 100vw, 600px\" \/><\/div>\n\t\t<\/a>\n\t\t\t\t<div class=\"elementor-post__text\">\n\t\t\t\t<h3 class=\"elementor-post__title\">\n\t\t\t<a href=\"https:\/\/hunziker.ag\/fr\/2026\/01\/20\/wef-a-davos-hunziker-ag-en-action-en-tant-que-membre-du-groupe-messerli\/\" >\n\t\t\t\tWEF \u00e0 Davos : Hunziker AG en action en tant que membre du groupe Messerli\t\t\t<\/a>\n\t\t<\/h3>\n\t\t\t\t<div class=\"elementor-post__meta-data\">\n\t\t\t\t\t<span class=\"elementor-post-date\">\n\t\t\t20. janvier 2026\t\t<\/span>\n\t\t\t\t<\/div>\n\t\t\t\t<div class=\"elementor-post__excerpt\">\n\t\t\t<p>Pour le WEF, Hunziker AG a r\u00e9alis\u00e9 un grand nombre de constructions complexes : Cages d&rsquo;escalier, podiums, sc\u00e8nes, structures de tentes ainsi que la tente sp\u00e9ciale de la cath\u00e9drale &#8211; y compris la planification, le montage et le soutien logistique. Chaque \u00e9l\u00e9ment a \u00e9t\u00e9 adapt\u00e9 avec pr\u00e9cision aux exigences \u00e9lev\u00e9es de l&rsquo;\u00e9v\u00e9nement et a permis de garantir que toutes les zones soient fonctionnelles, s\u00fbres et repr\u00e9sentatives. <\/p>\n\t\t<\/div>\n\t\t\n\t\t<a class=\"elementor-post__read-more\" href=\"https:\/\/hunziker.ag\/fr\/2026\/01\/20\/wef-a-davos-hunziker-ag-en-action-en-tant-que-membre-du-groupe-messerli\/\" aria-label=\"En savoir plus sur WEF \u00e0 Davos : Hunziker AG en action en tant que membre du groupe Messerli\" tabindex=\"-1\" >\n\t\t\tPlus \u00bb\t\t<\/a>\n\n\t\t\t\t<\/div>\n\t\t\t\t<\/article>\n\t\t\t\t<\/div>\n\t\t\n\t\t\t\t\t\t<\/div>\n\t\t\t\t<\/div>\n\t\t\t\t<div class=\"elementor-element elementor-element-900028d elementor-widget elementor-widget-button\" data-id=\"900028d\" data-element_type=\"widget\" data-widget_type=\"button.default\">\n\t\t\t\t<div class=\"elementor-widget-container\">\n\t\t\t\t\t\t\t\t\t<div class=\"elementor-button-wrapper\">\n\t\t\t\t\t<a class=\"elementor-button elementor-button-link elementor-size-sm\" href=\"https:\/\/hunziker.ag\/fr\/actualites\/\">\n\t\t\t\t\t\t<span class=\"elementor-button-content-wrapper\">\n\t\t\t\t\t\t\t\t\t<span class=\"elementor-button-text\">LES AUTRES NOUVELLES<\/span>\n\t\t\t\t\t<\/span>\n\t\t\t\t\t<\/a>\n\t\t\t\t<\/div>\n\t\t\t\t\t\t\t\t<\/div>\n\t\t\t\t<\/div>\n\t\t\t\t\t<\/div>\n\t\t<\/div>\n\t\t\t\t\t<\/div>\n\t\t<\/section>\n\t\t\t\t\t<\/div>\n\t\t<\/div>\n\t\t\t\t\t<\/div>\n\t\t<\/section>\n\t\t\t\t<section class=\"elementor-section elementor-top-section elementor-element elementor-element-e5df3b3 elementor-hidden-desktop elementor-hidden-tablet elementor-hidden-mobile elementor-section-boxed elementor-section-height-default elementor-section-height-default\" data-id=\"e5df3b3\" data-element_type=\"section\">\n\t\t\t\t\t\t<div class=\"elementor-container elementor-column-gap-default\">\n\t\t\t\t\t<div class=\"elementor-column elementor-col-100 elementor-top-column elementor-element elementor-element-c80553f\" data-id=\"c80553f\" data-element_type=\"column\">\n\t\t\t<div class=\"elementor-widget-wrap elementor-element-populated\">\n\t\t\t\t\t\t<div class=\"elementor-element elementor-element-f922655 elementor-grid-3 elementor-grid-tablet-2 elementor-grid-mobile-1 elementor-posts--thumbnail-top elementor-widget elementor-widget-posts\" data-id=\"f922655\" data-element_type=\"widget\" data-settings=\"{&quot;classic_row_gap&quot;:{&quot;unit&quot;:&quot;px&quot;,&quot;size&quot;:&quot;40&quot;,&quot;sizes&quot;:[]},&quot;classic_columns&quot;:&quot;3&quot;,&quot;classic_columns_tablet&quot;:&quot;2&quot;,&quot;classic_columns_mobile&quot;:&quot;1&quot;,&quot;classic_row_gap_tablet&quot;:{&quot;unit&quot;:&quot;px&quot;,&quot;size&quot;:&quot;&quot;,&quot;sizes&quot;:[]},&quot;classic_row_gap_mobile&quot;:{&quot;unit&quot;:&quot;px&quot;,&quot;size&quot;:&quot;&quot;,&quot;sizes&quot;:[]}}\" data-widget_type=\"posts.classic\">\n\t\t\t\t<div class=\"elementor-widget-container\">\n\t\t\t\t\t\t\t<div class=\"elementor-posts-container elementor-posts elementor-posts--skin-classic elementor-grid\" role=\"list\">\n\t\t\t\t<article class=\"elementor-post elementor-grid-item post-10793 post type-post status-publish format-standard has-post-thumbnail hentry category-messen category-news\" role=\"listitem\">\n\t\t\t\t<a class=\"elementor-post__thumbnail__link\" href=\"https:\/\/hunziker.ag\/fr\/2026\/04\/27\/hunziker-ag-co-sponsor-der-iheimisch-2026-in-buochs\/\" tabindex=\"-1\" >\n\t\t\t<div class=\"elementor-post__thumbnail\"><img loading=\"lazy\" decoding=\"async\" width=\"800\" height=\"534\" src=\"https:\/\/hunziker.ag\/wp-content\/uploads\/2026\/04\/sponsoring-iheimisch-2026-quer-1024x683.jpg\" class=\"attachment-large size-large wp-image-10796\" alt=\"\" srcset=\"https:\/\/hunziker.ag\/wp-content\/uploads\/2026\/04\/sponsoring-iheimisch-2026-quer-1024x683.jpg 1024w, https:\/\/hunziker.ag\/wp-content\/uploads\/2026\/04\/sponsoring-iheimisch-2026-quer-300x200.jpg 300w, https:\/\/hunziker.ag\/wp-content\/uploads\/2026\/04\/sponsoring-iheimisch-2026-quer-768x512.jpg 768w, https:\/\/hunziker.ag\/wp-content\/uploads\/2026\/04\/sponsoring-iheimisch-2026-quer-600x400.jpg 600w, https:\/\/hunziker.ag\/wp-content\/uploads\/2026\/04\/sponsoring-iheimisch-2026-quer.jpg 1080w\" sizes=\"(max-width: 800px) 100vw, 800px\" \/><\/div>\n\t\t<\/a>\n\t\t\t\t<div class=\"elementor-post__text\">\n\t\t\t\t<h3 class=\"elementor-post__title\">\n\t\t\t<a href=\"https:\/\/hunziker.ag\/fr\/2026\/04\/27\/hunziker-ag-co-sponsor-der-iheimisch-2026-in-buochs\/\" >\n\t\t\t\tHunziker AG \u2013 Co-Sponsor der Iheimisch 2026 in Buochs\t\t\t<\/a>\n\t\t<\/h3>\n\t\t\t\t<div class=\"elementor-post__meta-data\">\n\t\t\t\t\t<span class=\"elementor-post-date\">\n\t\t\t27. avril 2026\t\t<\/span>\n\t\t\t\t<span class=\"elementor-post-avatar\">\n\t\t\tAucun commentaire\t\t<\/span>\n\t\t\t\t<\/div>\n\t\t\t\t<div class=\"elementor-post__excerpt\">\n\t\t\t<p>Grosse Anl\u00e4sse brauchen grosse Zelte \u2013 und zuverl\u00e4ssige Partner. Die Hunziker AG freut sich, die Iheimisch 2026 in Buochs als Co-Sponsor zu unterst\u00fctzen und beim Aufbau der tempor\u00e4ren Infrastruktur mit anzupacken.<\/p>\n\t\t<\/div>\n\t\t\n\t\t<a class=\"elementor-post__read-more\" href=\"https:\/\/hunziker.ag\/fr\/2026\/04\/27\/hunziker-ag-co-sponsor-der-iheimisch-2026-in-buochs\/\" aria-label=\"En savoir plus sur Hunziker AG \u2013 Co-Sponsor der Iheimisch 2026 in Buochs\" tabindex=\"-1\" >\n\t\t\tLire la suite \u00bb\t\t<\/a>\n\n\t\t\t\t<\/div>\n\t\t\t\t<\/article>\n\t\t\t\t<article class=\"elementor-post elementor-grid-item post-10767 post type-post status-publish format-standard has-post-thumbnail hentry category-actualites\" role=\"listitem\">\n\t\t\t\t<a class=\"elementor-post__thumbnail__link\" href=\"https:\/\/hunziker.ag\/fr\/2026\/02\/13\/une-annee-couronnee-de-succes-celebree-comme-il-se-doit-les-collaborateurs-en-point-de-mire\/\" tabindex=\"-1\" >\n\t\t\t<div class=\"elementor-post__thumbnail\"><img loading=\"lazy\" decoding=\"async\" width=\"800\" height=\"600\" src=\"https:\/\/hunziker.ag\/wp-content\/uploads\/2026\/02\/06022026_jahresabschlussessen-IMG_1993-1024x768.webp\" class=\"attachment-large size-large wp-image-10756\" alt=\"\" srcset=\"https:\/\/hunziker.ag\/wp-content\/uploads\/2026\/02\/06022026_jahresabschlussessen-IMG_1993-1024x768.webp 1024w, https:\/\/hunziker.ag\/wp-content\/uploads\/2026\/02\/06022026_jahresabschlussessen-IMG_1993-300x225.webp 300w, https:\/\/hunziker.ag\/wp-content\/uploads\/2026\/02\/06022026_jahresabschlussessen-IMG_1993-768x576.webp 768w, https:\/\/hunziker.ag\/wp-content\/uploads\/2026\/02\/06022026_jahresabschlussessen-IMG_1993-1536x1152.webp 1536w, https:\/\/hunziker.ag\/wp-content\/uploads\/2026\/02\/06022026_jahresabschlussessen-IMG_1993.webp 2000w\" sizes=\"(max-width: 800px) 100vw, 800px\" \/><\/div>\n\t\t<\/a>\n\t\t\t\t<div class=\"elementor-post__text\">\n\t\t\t\t<h3 class=\"elementor-post__title\">\n\t\t\t<a href=\"https:\/\/hunziker.ag\/fr\/2026\/02\/13\/une-annee-couronnee-de-succes-celebree-comme-il-se-doit-les-collaborateurs-en-point-de-mire\/\" >\n\t\t\t\tUne ann\u00e9e couronn\u00e9e de succ\u00e8s c\u00e9l\u00e9br\u00e9e comme il se doit &#8211; les collaborateurs en point de mire\t\t\t<\/a>\n\t\t<\/h3>\n\t\t\t\t<div class=\"elementor-post__meta-data\">\n\t\t\t\t\t<span class=\"elementor-post-date\">\n\t\t\t13. f\u00e9vrier 2026\t\t<\/span>\n\t\t\t\t<span class=\"elementor-post-avatar\">\n\t\t\tAucun commentaire\t\t<\/span>\n\t\t\t\t<\/div>\n\t\t\t\t<div class=\"elementor-post__excerpt\">\n\t\t\t<p>Le vendredi 6 f\u00e9vrier 2026, Hunziker SA a invit\u00e9 ses collaborateurs au traditionnel repas de fin d&rsquo;ann\u00e9e au Schlosssch\u00fcr de Willisau. Autour d&rsquo;un excellent menu pr\u00e9par\u00e9 par notre partenaire de longue date GALFRI, nous avons fait la r\u00e9trospective d&rsquo;un exercice riche en \u00e9v\u00e9nements et en succ\u00e8s. <\/p>\n\t\t<\/div>\n\t\t\n\t\t<a class=\"elementor-post__read-more\" href=\"https:\/\/hunziker.ag\/fr\/2026\/02\/13\/une-annee-couronnee-de-succes-celebree-comme-il-se-doit-les-collaborateurs-en-point-de-mire\/\" aria-label=\"En savoir plus sur Une ann\u00e9e couronn\u00e9e de succ\u00e8s c\u00e9l\u00e9br\u00e9e comme il se doit &#8211; les collaborateurs en point de mire\" tabindex=\"-1\" >\n\t\t\tLire la suite \u00bb\t\t<\/a>\n\n\t\t\t\t<\/div>\n\t\t\t\t<\/article>\n\t\t\t\t<article class=\"elementor-post elementor-grid-item post-10731 post type-post status-publish format-standard has-post-thumbnail hentry category-actualites\" role=\"listitem\">\n\t\t\t\t<a class=\"elementor-post__thumbnail__link\" href=\"https:\/\/hunziker.ag\/fr\/2026\/02\/02\/150-ans-de-fidelite-hunziker-sa-fete-ses-collaborateurs-de-longue-date-en-fevrier\/\" tabindex=\"-1\" >\n\t\t\t<div class=\"elementor-post__thumbnail\"><img loading=\"lazy\" decoding=\"async\" width=\"800\" height=\"533\" src=\"https:\/\/hunziker.ag\/wp-content\/uploads\/2026\/02\/02022026_jubilarendessert-IMG-00142-1024x682.webp\" class=\"attachment-large size-large wp-image-10721\" alt=\"\" srcset=\"https:\/\/hunziker.ag\/wp-content\/uploads\/2026\/02\/02022026_jubilarendessert-IMG-00142-1024x682.webp 1024w, https:\/\/hunziker.ag\/wp-content\/uploads\/2026\/02\/02022026_jubilarendessert-IMG-00142-300x200.webp 300w, https:\/\/hunziker.ag\/wp-content\/uploads\/2026\/02\/02022026_jubilarendessert-IMG-00142-768x512.webp 768w, https:\/\/hunziker.ag\/wp-content\/uploads\/2026\/02\/02022026_jubilarendessert-IMG-00142-1536x1024.webp 1536w, https:\/\/hunziker.ag\/wp-content\/uploads\/2026\/02\/02022026_jubilarendessert-IMG-00142-600x400.webp 600w, https:\/\/hunziker.ag\/wp-content\/uploads\/2026\/02\/02022026_jubilarendessert-IMG-00142.webp 2000w\" sizes=\"(max-width: 800px) 100vw, 800px\" \/><\/div>\n\t\t<\/a>\n\t\t\t\t<div class=\"elementor-post__text\">\n\t\t\t\t<h3 class=\"elementor-post__title\">\n\t\t\t<a href=\"https:\/\/hunziker.ag\/fr\/2026\/02\/02\/150-ans-de-fidelite-hunziker-sa-fete-ses-collaborateurs-de-longue-date-en-fevrier\/\" >\n\t\t\t\t150 ans de fid\u00e9lit\u00e9 : Hunziker SA f\u00eate ses collaborateurs de longue date en f\u00e9vrier\t\t\t<\/a>\n\t\t<\/h3>\n\t\t\t\t<div class=\"elementor-post__meta-data\">\n\t\t\t\t\t<span class=\"elementor-post-date\">\n\t\t\t2. f\u00e9vrier 2026\t\t<\/span>\n\t\t\t\t<span class=\"elementor-post-avatar\">\n\t\t\tAucun commentaire\t\t<\/span>\n\t\t\t\t<\/div>\n\t\t\t\t<div class=\"elementor-post__excerpt\">\n\t\t\t<p>En f\u00e9vrier, nous avons f\u00eat\u00e9 cinq collaborateurs de longue date, qui totalisent un nombre impressionnant de 150 ann\u00e9es de service. Cette fid\u00e9lit\u00e9 exceptionnelle et cet engagement de longue date sont les fondements de notre succ\u00e8s. <\/p>\n\t\t<\/div>\n\t\t\n\t\t<a class=\"elementor-post__read-more\" href=\"https:\/\/hunziker.ag\/fr\/2026\/02\/02\/150-ans-de-fidelite-hunziker-sa-fete-ses-collaborateurs-de-longue-date-en-fevrier\/\" aria-label=\"En savoir plus sur 150 ans de fid\u00e9lit\u00e9 : Hunziker SA f\u00eate ses collaborateurs de longue date en f\u00e9vrier\" tabindex=\"-1\" >\n\t\t\tLire la suite \u00bb\t\t<\/a>\n\n\t\t\t\t<\/div>\n\t\t\t\t<\/article>\n\t\t\t\t<article class=\"elementor-post elementor-grid-item post-10667 post type-post status-publish format-standard has-post-thumbnail hentry category-actualites category-business-societes\" role=\"listitem\">\n\t\t\t\t<a class=\"elementor-post__thumbnail__link\" href=\"https:\/\/hunziker.ag\/fr\/2026\/01\/20\/wef-a-davos-hunziker-ag-en-action-en-tant-que-membre-du-groupe-messerli\/\" tabindex=\"-1\" >\n\t\t\t<div class=\"elementor-post__thumbnail\"><img loading=\"lazy\" decoding=\"async\" width=\"600\" height=\"400\" src=\"https:\/\/hunziker.ag\/wp-content\/uploads\/2026\/01\/domzelt-wef-davos-hunziker.webp\" class=\"attachment-large size-large wp-image-10658\" alt=\"\" srcset=\"https:\/\/hunziker.ag\/wp-content\/uploads\/2026\/01\/domzelt-wef-davos-hunziker.webp 600w, https:\/\/hunziker.ag\/wp-content\/uploads\/2026\/01\/domzelt-wef-davos-hunziker-300x200.webp 300w\" sizes=\"(max-width: 600px) 100vw, 600px\" \/><\/div>\n\t\t<\/a>\n\t\t\t\t<div class=\"elementor-post__text\">\n\t\t\t\t<h3 class=\"elementor-post__title\">\n\t\t\t<a href=\"https:\/\/hunziker.ag\/fr\/2026\/01\/20\/wef-a-davos-hunziker-ag-en-action-en-tant-que-membre-du-groupe-messerli\/\" >\n\t\t\t\tWEF \u00e0 Davos : Hunziker AG en action en tant que membre du groupe Messerli\t\t\t<\/a>\n\t\t<\/h3>\n\t\t\t\t<div class=\"elementor-post__meta-data\">\n\t\t\t\t\t<span class=\"elementor-post-date\">\n\t\t\t20. janvier 2026\t\t<\/span>\n\t\t\t\t<span class=\"elementor-post-avatar\">\n\t\t\tAucun commentaire\t\t<\/span>\n\t\t\t\t<\/div>\n\t\t\t\t<div class=\"elementor-post__excerpt\">\n\t\t\t<p>Pour le WEF, Hunziker AG a r\u00e9alis\u00e9 un grand nombre de constructions complexes : Cages d&rsquo;escalier, podiums, sc\u00e8nes, structures de tentes ainsi que la tente sp\u00e9ciale de la cath\u00e9drale &#8211; y compris la planification, le montage et le soutien logistique. Chaque \u00e9l\u00e9ment a \u00e9t\u00e9 adapt\u00e9 avec pr\u00e9cision aux exigences \u00e9lev\u00e9es de l&rsquo;\u00e9v\u00e9nement et a permis de garantir que toutes les zones soient fonctionnelles, s\u00fbres et repr\u00e9sentatives. <\/p>\n\t\t<\/div>\n\t\t\n\t\t<a class=\"elementor-post__read-more\" href=\"https:\/\/hunziker.ag\/fr\/2026\/01\/20\/wef-a-davos-hunziker-ag-en-action-en-tant-que-membre-du-groupe-messerli\/\" aria-label=\"En savoir plus sur WEF \u00e0 Davos : Hunziker AG en action en tant que membre du groupe Messerli\" tabindex=\"-1\" >\n\t\t\tLire la suite \u00bb\t\t<\/a>\n\n\t\t\t\t<\/div>\n\t\t\t\t<\/article>\n\t\t\t\t<article class=\"elementor-post elementor-grid-item post-10418 post type-post status-publish format-standard has-post-thumbnail hentry category-actualites category-sport-fr\" role=\"listitem\">\n\t\t\t\t<a class=\"elementor-post__thumbnail__link\" href=\"https:\/\/hunziker.ag\/fr\/2026\/01\/12\/saut-a-ski-a-engelberg-hunziker-ag-en-action-lors-de-la-coupe-du-monde\/\" tabindex=\"-1\" >\n\t\t\t<div class=\"elementor-post__thumbnail\"><img loading=\"lazy\" decoding=\"async\" width=\"800\" height=\"533\" src=\"https:\/\/hunziker.ag\/wp-content\/uploads\/2026\/01\/21122025-skispringen-engelberg-DSCF2343-1024x682.webp\" class=\"attachment-large size-large wp-image-10404\" alt=\"\" srcset=\"https:\/\/hunziker.ag\/wp-content\/uploads\/2026\/01\/21122025-skispringen-engelberg-DSCF2343-1024x682.webp 1024w, https:\/\/hunziker.ag\/wp-content\/uploads\/2026\/01\/21122025-skispringen-engelberg-DSCF2343-300x200.webp 300w, https:\/\/hunziker.ag\/wp-content\/uploads\/2026\/01\/21122025-skispringen-engelberg-DSCF2343-768x512.webp 768w, https:\/\/hunziker.ag\/wp-content\/uploads\/2026\/01\/21122025-skispringen-engelberg-DSCF2343-1536x1024.webp 1536w, https:\/\/hunziker.ag\/wp-content\/uploads\/2026\/01\/21122025-skispringen-engelberg-DSCF2343-2048x1365.webp 2048w, https:\/\/hunziker.ag\/wp-content\/uploads\/2026\/01\/21122025-skispringen-engelberg-DSCF2343-600x400.webp 600w\" sizes=\"(max-width: 800px) 100vw, 800px\" \/><\/div>\n\t\t<\/a>\n\t\t\t\t<div class=\"elementor-post__text\">\n\t\t\t\t<h3 class=\"elementor-post__title\">\n\t\t\t<a href=\"https:\/\/hunziker.ag\/fr\/2026\/01\/12\/saut-a-ski-a-engelberg-hunziker-ag-en-action-lors-de-la-coupe-du-monde\/\" >\n\t\t\t\tSaut \u00e0 ski \u00e0 Engelberg : Hunziker AG en action lors de la Coupe du monde\t\t\t<\/a>\n\t\t<\/h3>\n\t\t\t\t<div class=\"elementor-post__meta-data\">\n\t\t\t\t\t<span class=\"elementor-post-date\">\n\t\t\t12. janvier 2026\t\t<\/span>\n\t\t\t\t<span class=\"elementor-post-avatar\">\n\t\t\tAucun commentaire\t\t<\/span>\n\t\t\t\t<\/div>\n\t\t\t\t<div class=\"elementor-post__excerpt\">\n\t\t\t<p>Pour la Coupe du monde et la Coupe continentale de saut \u00e0 ski \u00e0 Engelberg, Hunziker AG a r\u00e9alis\u00e9 des tentes pour les athl\u00e8tes, les VIP et le public, y compris le montage, l&rsquo;\u00e9quipement et l&rsquo;infrastructure logistique &#8211; fonctionnelles, r\u00e9sistantes aux intemp\u00e9ries et pr\u00eates \u00e0 accueillir des moments inoubliables sur et en dehors du tremplin.<\/p>\n\t\t<\/div>\n\t\t\n\t\t<a class=\"elementor-post__read-more\" href=\"https:\/\/hunziker.ag\/fr\/2026\/01\/12\/saut-a-ski-a-engelberg-hunziker-ag-en-action-lors-de-la-coupe-du-monde\/\" aria-label=\"En savoir plus sur Saut \u00e0 ski \u00e0 Engelberg : Hunziker AG en action lors de la Coupe du monde\" tabindex=\"-1\" >\n\t\t\tLire la suite \u00bb\t\t<\/a>\n\n\t\t\t\t<\/div>\n\t\t\t\t<\/article>\n\t\t\t\t<article class=\"elementor-post elementor-grid-item post-10373 post type-post status-publish format-standard has-post-thumbnail hentry category-actualites category-kultur-fr\" role=\"listitem\">\n\t\t\t\t<a class=\"elementor-post__thumbnail__link\" href=\"https:\/\/hunziker.ag\/fr\/2025\/12\/06\/magic-moments-a-la-baloise-session-bale\/\" tabindex=\"-1\" >\n\t\t\t<div class=\"elementor-post__thumbnail\"><img loading=\"lazy\" decoding=\"async\" width=\"800\" height=\"533\" src=\"https:\/\/hunziker.ag\/wp-content\/uploads\/2026\/01\/Backstage-Village-High-7-1024x682.webp\" class=\"attachment-large size-large wp-image-10367\" alt=\"\" srcset=\"https:\/\/hunziker.ag\/wp-content\/uploads\/2026\/01\/Backstage-Village-High-7-1024x682.webp 1024w, https:\/\/hunziker.ag\/wp-content\/uploads\/2026\/01\/Backstage-Village-High-7-300x200.webp 300w, https:\/\/hunziker.ag\/wp-content\/uploads\/2026\/01\/Backstage-Village-High-7-768x512.webp 768w, https:\/\/hunziker.ag\/wp-content\/uploads\/2026\/01\/Backstage-Village-High-7-1536x1024.webp 1536w, https:\/\/hunziker.ag\/wp-content\/uploads\/2026\/01\/Backstage-Village-High-7-600x400.webp 600w, https:\/\/hunziker.ag\/wp-content\/uploads\/2026\/01\/Backstage-Village-High-7.webp 2000w\" sizes=\"(max-width: 800px) 100vw, 800px\" \/><\/div>\n\t\t<\/a>\n\t\t\t\t<div class=\"elementor-post__text\">\n\t\t\t\t<h3 class=\"elementor-post__title\">\n\t\t\t<a href=\"https:\/\/hunziker.ag\/fr\/2025\/12\/06\/magic-moments-a-la-baloise-session-bale\/\" >\n\t\t\t\tMagic Moments \u00e0 la Baloise Session, B\u00e2le\t\t\t<\/a>\n\t\t<\/h3>\n\t\t\t\t<div class=\"elementor-post__meta-data\">\n\t\t\t\t\t<span class=\"elementor-post-date\">\n\t\t\t6. d\u00e9cembre 2025\t\t<\/span>\n\t\t\t\t<span class=\"elementor-post-avatar\">\n\t\t\tAucun commentaire\t\t<\/span>\n\t\t\t\t<\/div>\n\t\t\t\t<div class=\"elementor-post__excerpt\">\n\t\t\t<p>Pour la Baloise Session \u00e0 B\u00e2le, nous r\u00e9alisons depuis des ann\u00e9es l&rsquo;infrastructure temporaire &#8211; des halles de tentes de grande qualit\u00e9 \u00e0 l&rsquo;installation d&rsquo;unit\u00e9s de toilettes en passant par des syst\u00e8mes de chauffage mobiles &#8211; et cr\u00e9ons ainsi le cadre ad\u00e9quat pour des exp\u00e9riences de concert exclusives dans une atmosph\u00e8re de club unique.<\/p>\n\t\t<\/div>\n\t\t\n\t\t<a class=\"elementor-post__read-more\" href=\"https:\/\/hunziker.ag\/fr\/2025\/12\/06\/magic-moments-a-la-baloise-session-bale\/\" aria-label=\"En savoir plus sur Magic Moments \u00e0 la Baloise Session, B\u00e2le\" tabindex=\"-1\" >\n\t\t\tLire la suite \u00bb\t\t<\/a>\n\n\t\t\t\t<\/div>\n\t\t\t\t<\/article>\n\t\t\t\t<\/div>\n\t\t\n\t\t\t\t\t\t<\/div>\n\t\t\t\t<\/div>\n\t\t\t\t\t<\/div>\n\t\t<\/div>\n\t\t\t\t\t<\/div>\n\t\t<\/section>\n\t\t\t\t<section class=\"elementor-section elementor-top-section elementor-element elementor-element-b0cbc81 elementor-section-boxed elementor-section-height-default elementor-section-height-default\" data-id=\"b0cbc81\" data-element_type=\"section\">\n\t\t\t\t\t\t\t<div class=\"elementor-background-overlay\"><\/div>\n\t\t\t\t\t\t\t<div class=\"elementor-container elementor-column-gap-default\">\n\t\t\t\t\t<div class=\"elementor-column elementor-col-100 elementor-top-column elementor-element elementor-element-69f1494\" data-id=\"69f1494\" data-element_type=\"column\">\n\t\t\t<div class=\"elementor-widget-wrap elementor-element-populated\">\n\t\t\t\t\t\t<div class=\"elementor-element elementor-element-a5cf6b4 elementor-widget elementor-widget-image\" data-id=\"a5cf6b4\" data-element_type=\"widget\" data-widget_type=\"image.default\">\n\t\t\t\t<div class=\"elementor-widget-container\">\n\t\t\t\t\t\t\t\t\t\t\t\t\t\t\t<img decoding=\"async\" src=\"https:\/\/hunziker.ag\/wp-content\/uploads\/sites\/20\/2023\/01\/Hunziker_Dach_02.png\" title=\"\" alt=\"\" loading=\"lazy\" \/>\t\t\t\t\t\t\t\t\t\t\t\t\t\t\t<\/div>\n\t\t\t\t<\/div>\n\t\t\t\t\t<\/div>\n\t\t<\/div>\n\t\t\t\t\t<\/div>\n\t\t<\/section>\n\t\t\t\t<section class=\"elementor-section elementor-top-section elementor-element elementor-element-00bca2f elementor-section-content-middle elementor-section-boxed elementor-section-height-default elementor-section-height-default\" data-id=\"00bca2f\" data-element_type=\"section\" data-settings=\"{&quot;background_background&quot;:&quot;classic&quot;}\">\n\t\t\t\t\t\t\t<div class=\"elementor-background-overlay\"><\/div>\n\t\t\t\t\t\t\t<div class=\"elementor-container elementor-column-gap-no\">\n\t\t\t\t\t<div class=\"elementor-column elementor-col-100 elementor-top-column elementor-element elementor-element-4c515e4\" data-id=\"4c515e4\" data-element_type=\"column\" data-settings=\"{&quot;background_background&quot;:&quot;classic&quot;}\">\n\t\t\t<div class=\"elementor-widget-wrap elementor-element-populated\">\n\t\t\t\t\t\t<section class=\"elementor-section elementor-inner-section elementor-element elementor-element-5143fc3 elementor-section-content-middle elementor-section-boxed elementor-section-height-default elementor-section-height-default\" data-id=\"5143fc3\" data-element_type=\"section\">\n\t\t\t\t\t\t<div class=\"elementor-container elementor-column-gap-no\">\n\t\t\t\t\t<div class=\"elementor-column elementor-col-100 elementor-inner-column elementor-element elementor-element-d10c519\" data-id=\"d10c519\" data-element_type=\"column\">\n\t\t\t<div class=\"elementor-widget-wrap elementor-element-populated\">\n\t\t\t\t\t\t<div class=\"elementor-element elementor-element-9551502 elementor-widget elementor-widget-image\" data-id=\"9551502\" data-element_type=\"widget\" data-widget_type=\"image.default\">\n\t\t\t\t<div class=\"elementor-widget-container\">\n\t\t\t\t\t\t\t\t\t\t\t\t\t\t\t<img decoding=\"async\" src=\"https:\/\/hunziker.ag\/wp-content\/uploads\/sites\/20\/2023\/01\/Hunziker_Dach_02.png\" title=\"\" alt=\"\" loading=\"lazy\" \/>\t\t\t\t\t\t\t\t\t\t\t\t\t\t\t<\/div>\n\t\t\t\t<\/div>\n\t\t\t\t<div class=\"elementor-element elementor-element-6cc13b6 elementor-widget elementor-widget-heading\" data-id=\"6cc13b6\" data-element_type=\"widget\" data-widget_type=\"heading.default\">\n\t\t\t\t<div class=\"elementor-widget-container\">\n\t\t\t\t\t<h2 class=\"elementor-heading-title elementor-size-default\">MESSERLI GROUP<\/h2>\t\t\t\t<\/div>\n\t\t\t\t<\/div>\n\t\t\t\t\t<\/div>\n\t\t<\/div>\n\t\t\t\t\t<\/div>\n\t\t<\/section>\n\t\t\t\t<section class=\"elementor-section elementor-inner-section elementor-element elementor-element-08ba1c9 elementor-section-boxed elementor-section-height-default elementor-section-height-default\" data-id=\"08ba1c9\" data-element_type=\"section\">\n\t\t\t\t\t\t<div class=\"elementor-container elementor-column-gap-default\">\n\t\t\t\t\t<div class=\"elementor-column elementor-col-25 elementor-inner-column elementor-element elementor-element-d0a51bf\" data-id=\"d0a51bf\" data-element_type=\"column\">\n\t\t\t<div class=\"elementor-widget-wrap elementor-element-populated\">\n\t\t\t\t\t\t<div class=\"elementor-element elementor-element-fdb4540 elementor-widget elementor-widget-image\" data-id=\"fdb4540\" data-element_type=\"widget\" data-widget_type=\"image.default\">\n\t\t\t\t<div class=\"elementor-widget-container\">\n\t\t\t\t\t\t\t\t\t\t\t\t\t\t\t\t<a href=\"https:\/\/www.angelinidesign.space\/\" target=\"_blank\">\n\t\t\t\t\t\t\t<img loading=\"lazy\" decoding=\"async\" width=\"800\" height=\"76\" src=\"https:\/\/hunziker.ag\/wp-content\/uploads\/2026\/02\/AD_Logo_V02_Black-1024x97.jpg\" class=\"attachment-large size-large wp-image-10685\" alt=\"\" srcset=\"https:\/\/hunziker.ag\/wp-content\/uploads\/2026\/02\/AD_Logo_V02_Black-1024x97.jpg 1024w, https:\/\/hunziker.ag\/wp-content\/uploads\/2026\/02\/AD_Logo_V02_Black-300x28.jpg 300w, https:\/\/hunziker.ag\/wp-content\/uploads\/2026\/02\/AD_Logo_V02_Black-768x73.jpg 768w, https:\/\/hunziker.ag\/wp-content\/uploads\/2026\/02\/AD_Logo_V02_Black.jpg 1179w\" sizes=\"(max-width: 800px) 100vw, 800px\" \/>\t\t\t\t\t\t\t\t<\/a>\n\t\t\t\t\t\t\t\t\t\t\t\t\t\t\t<\/div>\n\t\t\t\t<\/div>\n\t\t\t\t\t<\/div>\n\t\t<\/div>\n\t\t\t\t<div class=\"elementor-column elementor-col-25 elementor-inner-column elementor-element elementor-element-d247b78\" data-id=\"d247b78\" data-element_type=\"column\">\n\t\t\t<div class=\"elementor-widget-wrap elementor-element-populated\">\n\t\t\t\t\t\t<div class=\"elementor-element elementor-element-b772075 elementor-widget elementor-widget-image\" data-id=\"b772075\" data-element_type=\"widget\" data-widget_type=\"image.default\">\n\t\t\t\t<div class=\"elementor-widget-container\">\n\t\t\t\t\t\t\t\t\t\t\t\t\t\t\t\t<a href=\"https:\/\/www.expoformer.ch\/\" target=\"_blank\">\n\t\t\t\t\t\t\t<img loading=\"lazy\" decoding=\"async\" width=\"800\" height=\"206\" src=\"https:\/\/hunziker.ag\/wp-content\/uploads\/2024\/09\/Logo_Expoformer.png\" class=\"attachment-large size-large wp-image-8498\" alt=\"\" srcset=\"https:\/\/hunziker.ag\/wp-content\/uploads\/2024\/09\/Logo_Expoformer.png 801w, https:\/\/hunziker.ag\/wp-content\/uploads\/2024\/09\/Logo_Expoformer-300x77.png 300w, https:\/\/hunziker.ag\/wp-content\/uploads\/2024\/09\/Logo_Expoformer-768x198.png 768w\" sizes=\"(max-width: 800px) 100vw, 800px\" \/>\t\t\t\t\t\t\t\t<\/a>\n\t\t\t\t\t\t\t\t\t\t\t\t\t\t\t<\/div>\n\t\t\t\t<\/div>\n\t\t\t\t\t<\/div>\n\t\t<\/div>\n\t\t\t\t<div class=\"elementor-column elementor-col-25 elementor-inner-column elementor-element elementor-element-af9674f\" data-id=\"af9674f\" data-element_type=\"column\">\n\t\t\t<div class=\"elementor-widget-wrap elementor-element-populated\">\n\t\t\t\t\t\t<div class=\"elementor-element elementor-element-c7f998d elementor-widget elementor-widget-image\" data-id=\"c7f998d\" data-element_type=\"widget\" data-widget_type=\"image.default\">\n\t\t\t\t<div class=\"elementor-widget-container\">\n\t\t\t\t\t\t\t\t\t\t\t\t\t\t\t\t<a href=\"https:\/\/fabrikatur.ch\/\" target=\"_blank\">\n\t\t\t\t\t\t\t<img loading=\"lazy\" decoding=\"async\" width=\"800\" height=\"192\" src=\"https:\/\/hunziker.ag\/wp-content\/uploads\/2025\/05\/Logo_Fabrikatur-1024x246.png\" class=\"attachment-large size-large wp-image-8849\" alt=\"\" srcset=\"https:\/\/hunziker.ag\/wp-content\/uploads\/2025\/05\/Logo_Fabrikatur-1024x246.png 1024w, https:\/\/hunziker.ag\/wp-content\/uploads\/2025\/05\/Logo_Fabrikatur-300x72.png 300w, https:\/\/hunziker.ag\/wp-content\/uploads\/2025\/05\/Logo_Fabrikatur-768x184.png 768w, https:\/\/hunziker.ag\/wp-content\/uploads\/2025\/05\/Logo_Fabrikatur-1536x369.png 1536w, https:\/\/hunziker.ag\/wp-content\/uploads\/2025\/05\/Logo_Fabrikatur-2048x492.png 2048w\" sizes=\"(max-width: 800px) 100vw, 800px\" \/>\t\t\t\t\t\t\t\t<\/a>\n\t\t\t\t\t\t\t\t\t\t\t\t\t\t\t<\/div>\n\t\t\t\t<\/div>\n\t\t\t\t\t<\/div>\n\t\t<\/div>\n\t\t\t\t<div class=\"elementor-column elementor-col-25 elementor-inner-column elementor-element elementor-element-5b7548a\" data-id=\"5b7548a\" data-element_type=\"column\">\n\t\t\t<div class=\"elementor-widget-wrap elementor-element-populated\">\n\t\t\t\t\t\t<div class=\"elementor-element elementor-element-4bd43cf elementor-widget elementor-widget-image\" data-id=\"4bd43cf\" data-element_type=\"widget\" data-widget_type=\"image.default\">\n\t\t\t\t<div class=\"elementor-widget-container\">\n\t\t\t\t\t\t\t\t\t\t\t\t\t\t\t\t<a href=\"https:\/\/www.furrerevents.ch\/de\" target=\"_blank\">\n\t\t\t\t\t\t\t<img loading=\"lazy\" decoding=\"async\" width=\"800\" height=\"160\" src=\"https:\/\/hunziker.ag\/wp-content\/uploads\/2025\/05\/Logo_Furrer-Events-1024x205.png\" class=\"attachment-large size-large wp-image-8857\" alt=\"\" srcset=\"https:\/\/hunziker.ag\/wp-content\/uploads\/2025\/05\/Logo_Furrer-Events-1024x205.png 1024w, https:\/\/hunziker.ag\/wp-content\/uploads\/2025\/05\/Logo_Furrer-Events-300x60.png 300w, https:\/\/hunziker.ag\/wp-content\/uploads\/2025\/05\/Logo_Furrer-Events-768x154.png 768w, https:\/\/hunziker.ag\/wp-content\/uploads\/2025\/05\/Logo_Furrer-Events-1536x308.png 1536w, https:\/\/hunziker.ag\/wp-content\/uploads\/2025\/05\/Logo_Furrer-Events-2048x411.png 2048w\" sizes=\"(max-width: 800px) 100vw, 800px\" \/>\t\t\t\t\t\t\t\t<\/a>\n\t\t\t\t\t\t\t\t\t\t\t\t\t\t\t<\/div>\n\t\t\t\t<\/div>\n\t\t\t\t\t<\/div>\n\t\t<\/div>\n\t\t\t\t\t<\/div>\n\t\t<\/section>\n\t\t\t\t<section class=\"elementor-section elementor-inner-section elementor-element elementor-element-70b04ef elementor-section-boxed elementor-section-height-default elementor-section-height-default\" data-id=\"70b04ef\" data-element_type=\"section\">\n\t\t\t\t\t\t<div class=\"elementor-container elementor-column-gap-default\">\n\t\t\t\t\t<div class=\"elementor-column elementor-col-25 elementor-inner-column elementor-element elementor-element-8c49977\" data-id=\"8c49977\" data-element_type=\"column\">\n\t\t\t<div class=\"elementor-widget-wrap elementor-element-populated\">\n\t\t\t\t\t\t<div class=\"elementor-element elementor-element-7a1bbcb elementor-widget elementor-widget-image\" data-id=\"7a1bbcb\" data-element_type=\"widget\" data-widget_type=\"image.default\">\n\t\t\t\t<div class=\"elementor-widget-container\">\n\t\t\t\t\t\t\t\t\t\t\t\t\t\t\t\t<a href=\"https:\/\/www.hofstetter-zelte.ch\/\" target=\"_blank\">\n\t\t\t\t\t\t\t<img loading=\"lazy\" decoding=\"async\" width=\"800\" height=\"388\" src=\"https:\/\/hunziker.ag\/wp-content\/uploads\/2024\/09\/Logo_Hofstetter-1024x497.png\" class=\"attachment-large size-large wp-image-8501\" alt=\"\" srcset=\"https:\/\/hunziker.ag\/wp-content\/uploads\/2024\/09\/Logo_Hofstetter-1024x497.png 1024w, https:\/\/hunziker.ag\/wp-content\/uploads\/2024\/09\/Logo_Hofstetter-300x146.png 300w, https:\/\/hunziker.ag\/wp-content\/uploads\/2024\/09\/Logo_Hofstetter-768x373.png 768w, https:\/\/hunziker.ag\/wp-content\/uploads\/2024\/09\/Logo_Hofstetter-1536x745.png 1536w, https:\/\/hunziker.ag\/wp-content\/uploads\/2024\/09\/Logo_Hofstetter.png 1669w\" sizes=\"(max-width: 800px) 100vw, 800px\" \/>\t\t\t\t\t\t\t\t<\/a>\n\t\t\t\t\t\t\t\t\t\t\t\t\t\t\t<\/div>\n\t\t\t\t<\/div>\n\t\t\t\t\t<\/div>\n\t\t<\/div>\n\t\t\t\t<div class=\"elementor-column elementor-col-25 elementor-inner-column elementor-element elementor-element-00317ee\" data-id=\"00317ee\" data-element_type=\"column\">\n\t\t\t<div class=\"elementor-widget-wrap elementor-element-populated\">\n\t\t\t\t\t\t<div class=\"elementor-element elementor-element-d350596 elementor-widget elementor-widget-image\" data-id=\"d350596\" data-element_type=\"widget\" data-widget_type=\"image.default\">\n\t\t\t\t<div class=\"elementor-widget-container\">\n\t\t\t\t\t\t\t\t\t\t\t\t\t\t\t\t<a href=\"https:\/\/hunziker.ag\/fr\/\" target=\"_blank\">\n\t\t\t\t\t\t\t<img loading=\"lazy\" decoding=\"async\" width=\"774\" height=\"240\" src=\"https:\/\/hunziker.ag\/wp-content\/uploads\/2024\/09\/Logo_Hunziker.png\" class=\"attachment-large size-large wp-image-8490\" alt=\"\" srcset=\"https:\/\/hunziker.ag\/wp-content\/uploads\/2024\/09\/Logo_Hunziker.png 774w, https:\/\/hunziker.ag\/wp-content\/uploads\/2024\/09\/Logo_Hunziker-300x93.png 300w, https:\/\/hunziker.ag\/wp-content\/uploads\/2024\/09\/Logo_Hunziker-768x238.png 768w\" sizes=\"(max-width: 774px) 100vw, 774px\" \/>\t\t\t\t\t\t\t\t<\/a>\n\t\t\t\t\t\t\t\t\t\t\t\t\t\t\t<\/div>\n\t\t\t\t<\/div>\n\t\t\t\t\t<\/div>\n\t\t<\/div>\n\t\t\t\t<div class=\"elementor-column elementor-col-25 elementor-inner-column elementor-element elementor-element-c8c5fbf\" data-id=\"c8c5fbf\" data-element_type=\"column\">\n\t\t\t<div class=\"elementor-widget-wrap elementor-element-populated\">\n\t\t\t\t\t\t<div class=\"elementor-element elementor-element-97ad9ab elementor-widget elementor-widget-image\" data-id=\"97ad9ab\" data-element_type=\"widget\" data-widget_type=\"image.default\">\n\t\t\t\t<div class=\"elementor-widget-container\">\n\t\t\t\t\t\t\t\t\t\t\t\t\t\t\t\t<a href=\"https:\/\/www.konform.ch\/\" target=\"_blank\">\n\t\t\t\t\t\t\t<img loading=\"lazy\" decoding=\"async\" width=\"800\" height=\"86\" src=\"https:\/\/hunziker.ag\/wp-content\/uploads\/2024\/09\/Logo_Konform-1024x110.png\" class=\"attachment-large size-large wp-image-8491\" alt=\"\" srcset=\"https:\/\/hunziker.ag\/wp-content\/uploads\/2024\/09\/Logo_Konform-1024x110.png 1024w, https:\/\/hunziker.ag\/wp-content\/uploads\/2024\/09\/Logo_Konform-300x32.png 300w, https:\/\/hunziker.ag\/wp-content\/uploads\/2024\/09\/Logo_Konform-768x82.png 768w, https:\/\/hunziker.ag\/wp-content\/uploads\/2024\/09\/Logo_Konform.png 1229w\" sizes=\"(max-width: 800px) 100vw, 800px\" \/>\t\t\t\t\t\t\t\t<\/a>\n\t\t\t\t\t\t\t\t\t\t\t\t\t\t\t<\/div>\n\t\t\t\t<\/div>\n\t\t\t\t\t<\/div>\n\t\t<\/div>\n\t\t\t\t<div class=\"elementor-column elementor-col-25 elementor-inner-column elementor-element elementor-element-f33e3ae\" data-id=\"f33e3ae\" data-element_type=\"column\">\n\t\t\t<div class=\"elementor-widget-wrap elementor-element-populated\">\n\t\t\t\t\t\t<div class=\"elementor-element elementor-element-8b8bc86 elementor-widget elementor-widget-image\" data-id=\"8b8bc86\" data-element_type=\"widget\" data-widget_type=\"image.default\">\n\t\t\t\t<div class=\"elementor-widget-container\">\n\t\t\t\t\t\t\t\t\t\t\t\t\t\t\t\t<a href=\"https:\/\/www.lenzlinger-zelte.ch\/de\" target=\"_blank\">\n\t\t\t\t\t\t\t<img loading=\"lazy\" decoding=\"async\" width=\"730\" height=\"207\" src=\"https:\/\/hunziker.ag\/wp-content\/uploads\/2026\/02\/LenzlingerZeltvermietung_LOGO_GREY_rgb-_LOGO.png\" class=\"attachment-large size-large wp-image-10684\" alt=\"Le logo de Lenzlinger Zeltvermietung AG, de N\u00e4nikon Uster en niveaux de gris.\" srcset=\"https:\/\/hunziker.ag\/wp-content\/uploads\/2026\/02\/LenzlingerZeltvermietung_LOGO_GREY_rgb-_LOGO.png 730w, https:\/\/hunziker.ag\/wp-content\/uploads\/2026\/02\/LenzlingerZeltvermietung_LOGO_GREY_rgb-_LOGO-300x85.png 300w\" sizes=\"(max-width: 730px) 100vw, 730px\" \/>\t\t\t\t\t\t\t\t<\/a>\n\t\t\t\t\t\t\t\t\t\t\t\t\t\t\t<\/div>\n\t\t\t\t<\/div>\n\t\t\t\t\t<\/div>\n\t\t<\/div>\n\t\t\t\t\t<\/div>\n\t\t<\/section>\n\t\t\t\t<section class=\"elementor-section elementor-inner-section elementor-element elementor-element-a0d92d7 elementor-section-boxed elementor-section-height-default elementor-section-height-default\" data-id=\"a0d92d7\" data-element_type=\"section\">\n\t\t\t\t\t\t<div class=\"elementor-container elementor-column-gap-default\">\n\t\t\t\t\t<div class=\"elementor-column elementor-col-25 elementor-inner-column elementor-element elementor-element-265c520\" data-id=\"265c520\" data-element_type=\"column\">\n\t\t\t<div class=\"elementor-widget-wrap elementor-element-populated\">\n\t\t\t\t\t\t<div class=\"elementor-element elementor-element-2ab92e8 elementor-widget elementor-widget-image\" data-id=\"2ab92e8\" data-element_type=\"widget\" data-widget_type=\"image.default\">\n\t\t\t\t<div class=\"elementor-widget-container\">\n\t\t\t\t\t\t\t\t\t\t\t\t\t\t\t\t<a href=\"https:\/\/www.mediarent.ch\/\" target=\"_blank\">\n\t\t\t\t\t\t\t<img loading=\"lazy\" decoding=\"async\" width=\"800\" height=\"218\" src=\"https:\/\/hunziker.ag\/wp-content\/uploads\/2024\/09\/Logo_Mediarent-1024x279.png\" class=\"attachment-large size-large wp-image-8493\" alt=\"\" srcset=\"https:\/\/hunziker.ag\/wp-content\/uploads\/2024\/09\/Logo_Mediarent-1024x279.png 1024w, https:\/\/hunziker.ag\/wp-content\/uploads\/2024\/09\/Logo_Mediarent-300x82.png 300w, https:\/\/hunziker.ag\/wp-content\/uploads\/2024\/09\/Logo_Mediarent-768x209.png 768w, https:\/\/hunziker.ag\/wp-content\/uploads\/2024\/09\/Logo_Mediarent.png 1229w\" sizes=\"(max-width: 800px) 100vw, 800px\" \/>\t\t\t\t\t\t\t\t<\/a>\n\t\t\t\t\t\t\t\t\t\t\t\t\t\t\t<\/div>\n\t\t\t\t<\/div>\n\t\t\t\t\t<\/div>\n\t\t<\/div>\n\t\t\t\t<div class=\"elementor-column elementor-col-25 elementor-inner-column elementor-element elementor-element-5fcb7c8\" data-id=\"5fcb7c8\" data-element_type=\"column\">\n\t\t\t<div class=\"elementor-widget-wrap elementor-element-populated\">\n\t\t\t\t\t\t<div class=\"elementor-element elementor-element-bd02b14 elementor-widget elementor-widget-image\" data-id=\"bd02b14\" data-element_type=\"widget\" data-widget_type=\"image.default\">\n\t\t\t\t<div class=\"elementor-widget-container\">\n\t\t\t\t\t\t\t\t\t\t\t\t\t\t\t\t<a href=\"https:\/\/messerli.live\/\" target=\"_blank\">\n\t\t\t\t\t\t\t<img loading=\"lazy\" decoding=\"async\" width=\"800\" height=\"227\" src=\"https:\/\/hunziker.ag\/wp-content\/uploads\/2024\/09\/Messerli_logo_Zeichenflaeche-1-1024x290.png\" class=\"attachment-large size-large wp-image-8496\" alt=\"\" srcset=\"https:\/\/hunziker.ag\/wp-content\/uploads\/2024\/09\/Messerli_logo_Zeichenflaeche-1-1024x290.png 1024w, https:\/\/hunziker.ag\/wp-content\/uploads\/2024\/09\/Messerli_logo_Zeichenflaeche-1-300x85.png 300w, https:\/\/hunziker.ag\/wp-content\/uploads\/2024\/09\/Messerli_logo_Zeichenflaeche-1-768x217.png 768w, https:\/\/hunziker.ag\/wp-content\/uploads\/2024\/09\/Messerli_logo_Zeichenflaeche-1.png 1229w\" sizes=\"(max-width: 800px) 100vw, 800px\" \/>\t\t\t\t\t\t\t\t<\/a>\n\t\t\t\t\t\t\t\t\t\t\t\t\t\t\t<\/div>\n\t\t\t\t<\/div>\n\t\t\t\t\t<\/div>\n\t\t<\/div>\n\t\t\t\t<div class=\"elementor-column elementor-col-25 elementor-inner-column elementor-element elementor-element-ea21446\" data-id=\"ea21446\" data-element_type=\"column\">\n\t\t\t<div class=\"elementor-widget-wrap elementor-element-populated\">\n\t\t\t\t\t\t<div class=\"elementor-element elementor-element-8321fdc elementor-widget elementor-widget-image\" data-id=\"8321fdc\" data-element_type=\"widget\" data-widget_type=\"image.default\">\n\t\t\t\t<div class=\"elementor-widget-container\">\n\t\t\t\t\t\t\t\t\t\t\t\t\t\t\t\t<a href=\"https:\/\/www.zaak.ch\/\" target=\"_blank\">\n\t\t\t\t\t\t\t<img loading=\"lazy\" decoding=\"async\" width=\"428\" height=\"226\" src=\"https:\/\/hunziker.ag\/wp-content\/uploads\/2024\/09\/Logo_Zaak.png\" class=\"attachment-large size-large wp-image-8495\" alt=\"\" srcset=\"https:\/\/hunziker.ag\/wp-content\/uploads\/2024\/09\/Logo_Zaak.png 428w, https:\/\/hunziker.ag\/wp-content\/uploads\/2024\/09\/Logo_Zaak-300x158.png 300w\" sizes=\"(max-width: 428px) 100vw, 428px\" \/>\t\t\t\t\t\t\t\t<\/a>\n\t\t\t\t\t\t\t\t\t\t\t\t\t\t\t<\/div>\n\t\t\t\t<\/div>\n\t\t\t\t\t<\/div>\n\t\t<\/div>\n\t\t\t\t<div class=\"elementor-column elementor-col-25 elementor-inner-column elementor-element elementor-element-8409cc8\" data-id=\"8409cc8\" data-element_type=\"column\">\n\t\t\t<div class=\"elementor-widget-wrap elementor-element-populated\">\n\t\t\t\t\t\t<div class=\"elementor-element elementor-element-84622bb elementor-widget elementor-widget-image\" data-id=\"84622bb\" data-element_type=\"widget\" data-widget_type=\"image.default\">\n\t\t\t\t<div class=\"elementor-widget-container\">\n\t\t\t\t\t\t\t\t\t\t\t\t\t\t\t\t<a href=\"https:\/\/screenpro.ch\/\">\n\t\t\t\t\t\t\t<img loading=\"lazy\" decoding=\"async\" width=\"800\" height=\"124\" src=\"https:\/\/hunziker.ag\/wp-content\/uploads\/2024\/12\/Screenpro_Logo_schwarz-1024x159.png\" class=\"attachment-large size-large wp-image-8518\" alt=\"\" srcset=\"https:\/\/hunziker.ag\/wp-content\/uploads\/2024\/12\/Screenpro_Logo_schwarz-1024x159.png 1024w, https:\/\/hunziker.ag\/wp-content\/uploads\/2024\/12\/Screenpro_Logo_schwarz-300x46.png 300w, https:\/\/hunziker.ag\/wp-content\/uploads\/2024\/12\/Screenpro_Logo_schwarz-768x119.png 768w, https:\/\/hunziker.ag\/wp-content\/uploads\/2024\/12\/Screenpro_Logo_schwarz-1536x238.png 1536w, https:\/\/hunziker.ag\/wp-content\/uploads\/2024\/12\/Screenpro_Logo_schwarz-2048x317.png 2048w\" sizes=\"(max-width: 800px) 100vw, 800px\" \/>\t\t\t\t\t\t\t\t<\/a>\n\t\t\t\t\t\t\t\t\t\t\t\t\t\t\t<\/div>\n\t\t\t\t<\/div>\n\t\t\t\t\t<\/div>\n\t\t<\/div>\n\t\t\t\t\t<\/div>\n\t\t<\/section>\n\t\t\t\t\t<\/div>\n\t\t<\/div>\n\t\t\t\t\t<\/div>\n\t\t<\/section>\n\t\t\t\t<section class=\"elementor-section elementor-top-section elementor-element elementor-element-71c78cd elementor-section-boxed elementor-section-height-default elementor-section-height-default\" data-id=\"71c78cd\" data-element_type=\"section\">\n\t\t\t\t\t\t<div class=\"elementor-container elementor-column-gap-default\">\n\t\t\t\t\t<div class=\"elementor-column elementor-col-100 elementor-top-column elementor-element elementor-element-37238fd\" data-id=\"37238fd\" data-element_type=\"column\">\n\t\t\t<div class=\"elementor-widget-wrap elementor-element-populated\">\n\t\t\t\t\t\t<div class=\"elementor-element elementor-element-d1374c0 elementor-widget elementor-widget-spacer\" data-id=\"d1374c0\" data-element_type=\"widget\" data-widget_type=\"spacer.default\">\n\t\t\t\t<div class=\"elementor-widget-container\">\n\t\t\t\t\t\t\t<div class=\"elementor-spacer\">\n\t\t\t<div class=\"elementor-spacer-inner\"><\/div>\n\t\t<\/div>\n\t\t\t\t\t\t<\/div>\n\t\t\t\t<\/div>\n\t\t\t\t\t<\/div>\n\t\t<\/div>\n\t\t\t\t\t<\/div>\n\t\t<\/section>\n\t\t\t\t<\/div>\n\t\t","protected":false},"excerpt":{"rendered":"<p>Hunziker SA planifie et r\u00e9alise des constructions mobiles en Suisse &#8211; des tentes aux halles, des sc\u00e8nes \u00e0 l&rsquo;am\u00e9nagement de l&rsquo;espace jusqu&rsquo;au service \u00e9v\u00e9nementiel complet.<\/p>\n","protected":false},"author":2,"featured_media":10618,"parent":0,"menu_order":0,"comment_status":"closed","ping_status":"closed","template":"","meta":{"footnotes":""},"class_list":["post-8562","page","type-page","status-publish","has-post-thumbnail","hentry"],"yoast_head":"<!-- This site is optimized with the Yoast SEO plugin v26.4 - https:\/\/yoast.com\/wordpress\/plugins\/seo\/ -->\n<title>Hunziker AG - Constructions mobiles &amp; solutions \u00e9v\u00e9nementielles Suisse - Hunziker AG<\/title>\n<meta name=\"robots\" content=\"index, follow, max-snippet:-1, max-image-preview:large, max-video-preview:-1\" \/>\n<link rel=\"canonical\" href=\"https:\/\/hunziker.ag\/fr\/\" \/>\n<meta property=\"og:locale\" content=\"fr_FR\" \/>\n<meta property=\"og:type\" content=\"article\" \/>\n<meta property=\"og:title\" content=\"Hunziker AG - Constructions mobiles &amp; solutions \u00e9v\u00e9nementielles Suisse - Hunziker AG\" \/>\n<meta property=\"og:description\" content=\"Hunziker SA planifie et r\u00e9alise des constructions mobiles en Suisse - des tentes aux halles, des sc\u00e8nes \u00e0 l&#039;am\u00e9nagement de l&#039;espace jusqu&#039;au service \u00e9v\u00e9nementiel complet.\" \/>\n<meta property=\"og:url\" content=\"https:\/\/hunziker.ag\/fr\/\" \/>\n<meta property=\"og:site_name\" content=\"Hunziker AG\" \/>\n<meta property=\"article:publisher\" content=\"https:\/\/www.facebook.com\/hunzikerag\" \/>\n<meta property=\"article:modified_time\" content=\"2026-02-12T21:16:19+00:00\" \/>\n<meta property=\"og:image\" content=\"https:\/\/hunziker.ag\/wp-content\/uploads\/2026\/01\/cham-gv-raiffeisenbank-festzelte-hunziker-see-oben.webp\" \/>\n\t<meta property=\"og:image:width\" content=\"1500\" \/>\n\t<meta property=\"og:image:height\" content=\"1000\" \/>\n\t<meta property=\"og:image:type\" content=\"image\/webp\" \/>\n<meta name=\"twitter:card\" content=\"summary_large_image\" \/>\n<script type=\"application\/ld+json\" class=\"yoast-schema-graph\">{\"@context\":\"https:\/\/schema.org\",\"@graph\":[{\"@type\":\"WebPage\",\"@id\":\"https:\/\/hunziker.ag\/fr\/\",\"url\":\"https:\/\/hunziker.ag\/fr\/\",\"name\":\"Hunziker AG - Constructions mobiles &amp; solutions \u00e9v\u00e9nementielles Suisse - Hunziker AG\",\"isPartOf\":{\"@id\":\"https:\/\/hunziker.ag\/fr\/#website\"},\"primaryImageOfPage\":{\"@id\":\"https:\/\/hunziker.ag\/fr\/#primaryimage\"},\"image\":{\"@id\":\"https:\/\/hunziker.ag\/fr\/#primaryimage\"},\"thumbnailUrl\":\"https:\/\/hunziker.ag\/wp-content\/uploads\/2026\/01\/cham-gv-raiffeisenbank-festzelte-hunziker-see-oben.webp\",\"datePublished\":\"2025-05-10T09:32:09+00:00\",\"dateModified\":\"2026-02-12T21:16:19+00:00\",\"breadcrumb\":{\"@id\":\"https:\/\/hunziker.ag\/fr\/#breadcrumb\"},\"inLanguage\":\"fr-FR\",\"potentialAction\":[{\"@type\":\"ReadAction\",\"target\":[\"https:\/\/hunziker.ag\/fr\/\"]}]},{\"@type\":\"ImageObject\",\"inLanguage\":\"fr-FR\",\"@id\":\"https:\/\/hunziker.ag\/fr\/#primaryimage\",\"url\":\"https:\/\/hunziker.ag\/wp-content\/uploads\/2026\/01\/cham-gv-raiffeisenbank-festzelte-hunziker-see-oben.webp\",\"contentUrl\":\"https:\/\/hunziker.ag\/wp-content\/uploads\/2026\/01\/cham-gv-raiffeisenbank-festzelte-hunziker-see-oben.webp\",\"width\":1500,\"height\":1000,\"caption\":\"Vue d'ensemble de l'AG de la Raiffeisenbank am Zugersee \u00e0 Cham. Aire de f\u00eate avec diff\u00e9rentes tentes de f\u00eate et des garnitures de banque de f\u00eate de Hunziker AG.\"},{\"@type\":\"BreadcrumbList\",\"@id\":\"https:\/\/hunziker.ag\/fr\/#breadcrumb\",\"itemListElement\":[{\"@type\":\"ListItem\",\"position\":1,\"name\":\"Startseite\",\"item\":\"https:\/\/hunziker.ag\/fr\/home\/\"},{\"@type\":\"ListItem\",\"position\":2,\"name\":\"Hunziker AG &#8211; Constructions mobiles &amp; solutions \u00e9v\u00e9nementielles Suisse\"}]},{\"@type\":\"WebSite\",\"@id\":\"https:\/\/hunziker.ag\/fr\/#website\",\"url\":\"https:\/\/hunziker.ag\/fr\/\",\"name\":\"Hunziker AG\",\"description\":\"Mobile Bauten in jeder Dimension\",\"publisher\":{\"@id\":\"https:\/\/hunziker.ag\/fr\/#organization\"},\"potentialAction\":[{\"@type\":\"SearchAction\",\"target\":{\"@type\":\"EntryPoint\",\"urlTemplate\":\"https:\/\/hunziker.ag\/fr\/?s={search_term_string}\"},\"query-input\":{\"@type\":\"PropertyValueSpecification\",\"valueRequired\":true,\"valueName\":\"search_term_string\"}}],\"inLanguage\":\"fr-FR\"},{\"@type\":\"Organization\",\"@id\":\"https:\/\/hunziker.ag\/fr\/#organization\",\"name\":\"Hunziker AG\",\"url\":\"https:\/\/hunziker.ag\/fr\/\",\"logo\":{\"@type\":\"ImageObject\",\"inLanguage\":\"fr-FR\",\"@id\":\"https:\/\/hunziker.ag\/fr\/#\/schema\/logo\/image\/\",\"url\":\"https:\/\/hunziker.ag\/wp-content\/uploads\/2021\/05\/Favicon_01.png\",\"contentUrl\":\"https:\/\/hunziker.ag\/wp-content\/uploads\/2021\/05\/Favicon_01.png\",\"width\":512,\"height\":512,\"caption\":\"Hunziker AG\"},\"image\":{\"@id\":\"https:\/\/hunziker.ag\/fr\/#\/schema\/logo\/image\/\"},\"sameAs\":[\"https:\/\/www.facebook.com\/hunzikerag\",\"https:\/\/www.instagram.com\/hunzikerag\/\",\"https:\/\/www.linkedin.com\/company\/3173208\/\"]}]}<\/script>\n<!-- \/ Yoast SEO plugin. -->","yoast_head_json":{"title":"Hunziker AG - Constructions mobiles &amp; solutions \u00e9v\u00e9nementielles Suisse - Hunziker AG","robots":{"index":"index","follow":"follow","max-snippet":"max-snippet:-1","max-image-preview":"max-image-preview:large","max-video-preview":"max-video-preview:-1"},"canonical":"https:\/\/hunziker.ag\/fr\/","og_locale":"fr_FR","og_type":"article","og_title":"Hunziker AG - Constructions mobiles &amp; solutions \u00e9v\u00e9nementielles Suisse - Hunziker AG","og_description":"Hunziker SA planifie et r\u00e9alise des constructions mobiles en Suisse - des tentes aux halles, des sc\u00e8nes \u00e0 l'am\u00e9nagement de l'espace jusqu'au service \u00e9v\u00e9nementiel complet.","og_url":"https:\/\/hunziker.ag\/fr\/","og_site_name":"Hunziker AG","article_publisher":"https:\/\/www.facebook.com\/hunzikerag","article_modified_time":"2026-02-12T21:16:19+00:00","og_image":[{"width":1500,"height":1000,"url":"https:\/\/hunziker.ag\/wp-content\/uploads\/2026\/01\/cham-gv-raiffeisenbank-festzelte-hunziker-see-oben.webp","type":"image\/webp"}],"twitter_card":"summary_large_image","schema":{"@context":"https:\/\/schema.org","@graph":[{"@type":"WebPage","@id":"https:\/\/hunziker.ag\/fr\/","url":"https:\/\/hunziker.ag\/fr\/","name":"Hunziker AG - Constructions mobiles &amp; solutions \u00e9v\u00e9nementielles Suisse - Hunziker AG","isPartOf":{"@id":"https:\/\/hunziker.ag\/fr\/#website"},"primaryImageOfPage":{"@id":"https:\/\/hunziker.ag\/fr\/#primaryimage"},"image":{"@id":"https:\/\/hunziker.ag\/fr\/#primaryimage"},"thumbnailUrl":"https:\/\/hunziker.ag\/wp-content\/uploads\/2026\/01\/cham-gv-raiffeisenbank-festzelte-hunziker-see-oben.webp","datePublished":"2025-05-10T09:32:09+00:00","dateModified":"2026-02-12T21:16:19+00:00","breadcrumb":{"@id":"https:\/\/hunziker.ag\/fr\/#breadcrumb"},"inLanguage":"fr-FR","potentialAction":[{"@type":"ReadAction","target":["https:\/\/hunziker.ag\/fr\/"]}]},{"@type":"ImageObject","inLanguage":"fr-FR","@id":"https:\/\/hunziker.ag\/fr\/#primaryimage","url":"https:\/\/hunziker.ag\/wp-content\/uploads\/2026\/01\/cham-gv-raiffeisenbank-festzelte-hunziker-see-oben.webp","contentUrl":"https:\/\/hunziker.ag\/wp-content\/uploads\/2026\/01\/cham-gv-raiffeisenbank-festzelte-hunziker-see-oben.webp","width":1500,"height":1000,"caption":"Vue d'ensemble de l'AG de la Raiffeisenbank am Zugersee \u00e0 Cham. Aire de f\u00eate avec diff\u00e9rentes tentes de f\u00eate et des garnitures de banque de f\u00eate de Hunziker AG."},{"@type":"BreadcrumbList","@id":"https:\/\/hunziker.ag\/fr\/#breadcrumb","itemListElement":[{"@type":"ListItem","position":1,"name":"Startseite","item":"https:\/\/hunziker.ag\/fr\/home\/"},{"@type":"ListItem","position":2,"name":"Hunziker AG &#8211; Constructions mobiles &amp; solutions \u00e9v\u00e9nementielles Suisse"}]},{"@type":"WebSite","@id":"https:\/\/hunziker.ag\/fr\/#website","url":"https:\/\/hunziker.ag\/fr\/","name":"Hunziker AG","description":"Mobile Bauten in jeder Dimension","publisher":{"@id":"https:\/\/hunziker.ag\/fr\/#organization"},"potentialAction":[{"@type":"SearchAction","target":{"@type":"EntryPoint","urlTemplate":"https:\/\/hunziker.ag\/fr\/?s={search_term_string}"},"query-input":{"@type":"PropertyValueSpecification","valueRequired":true,"valueName":"search_term_string"}}],"inLanguage":"fr-FR"},{"@type":"Organization","@id":"https:\/\/hunziker.ag\/fr\/#organization","name":"Hunziker AG","url":"https:\/\/hunziker.ag\/fr\/","logo":{"@type":"ImageObject","inLanguage":"fr-FR","@id":"https:\/\/hunziker.ag\/fr\/#\/schema\/logo\/image\/","url":"https:\/\/hunziker.ag\/wp-content\/uploads\/2021\/05\/Favicon_01.png","contentUrl":"https:\/\/hunziker.ag\/wp-content\/uploads\/2021\/05\/Favicon_01.png","width":512,"height":512,"caption":"Hunziker AG"},"image":{"@id":"https:\/\/hunziker.ag\/fr\/#\/schema\/logo\/image\/"},"sameAs":["https:\/\/www.facebook.com\/hunzikerag","https:\/\/www.instagram.com\/hunzikerag\/","https:\/\/www.linkedin.com\/company\/3173208\/"]}]}},"_links":{"self":[{"href":"https:\/\/hunziker.ag\/fr\/wp-json\/wp\/v2\/pages\/8562","targetHints":{"allow":["GET"]}}],"collection":[{"href":"https:\/\/hunziker.ag\/fr\/wp-json\/wp\/v2\/pages"}],"about":[{"href":"https:\/\/hunziker.ag\/fr\/wp-json\/wp\/v2\/types\/page"}],"author":[{"embeddable":true,"href":"https:\/\/hunziker.ag\/fr\/wp-json\/wp\/v2\/users\/2"}],"replies":[{"embeddable":true,"href":"https:\/\/hunziker.ag\/fr\/wp-json\/wp\/v2\/comments?post=8562"}],"version-history":[{"count":22,"href":"https:\/\/hunziker.ag\/fr\/wp-json\/wp\/v2\/pages\/8562\/revisions"}],"predecessor-version":[{"id":10696,"href":"https:\/\/hunziker.ag\/fr\/wp-json\/wp\/v2\/pages\/8562\/revisions\/10696"}],"wp:featuredmedia":[{"embeddable":true,"href":"https:\/\/hunziker.ag\/fr\/wp-json\/wp\/v2\/media\/10618"}],"wp:attachment":[{"href":"https:\/\/hunziker.ag\/fr\/wp-json\/wp\/v2\/media?parent=8562"}],"curies":[{"name":"wp","href":"https:\/\/api.w.org\/{rel}","templated":true}]}}